{"id":12304,"date":"2026-02-24T00:31:13","date_gmt":"2026-02-17T07:05:18","guid":{"rendered":"https:\/\/jobtek.eu\/?post_type=job_listing&#038;p=12304"},"modified":"2026-04-28T08:51:02","modified_gmt":"2026-04-28T06:51:02","slug":"polskie-sieci-elektroenergetyczne-s-a-glowny-specjalista-ds-zarzadzania-zmiana-i-procesami-biznesowymi-w-sektorze-energetycznym-k-m-n-warszawa-polska","status":"publish","type":"job_listing","link":"https:\/\/jobtek.eu\/en\/stanowisko\/polskie-sieci-elektroenergetyczne-s-a-glowny-specjalista-ds-zarzadzania-zmiana-i-procesami-biznesowymi-w-sektorze-energetycznym-k-m-n-warszawa-polska\/","title":{"rendered":"G\u0142\u00f3wny Specjalista ds. zarz\u0105dzania zmian\u0105 i procesami biznesowymi w sektorze energetycznym (k\/m\/n)"},"content":{"rendered":"<p><img decoding=\"async\" class=\"aligncenter\" src=\"https:\/\/skk.erecruiter.pl\/CSS\/df57fda29f364a128360143b108a39ac\/_res\/top.png\" \/><\/p>\n<p><strong>Podstawowy zakres obowi\u0105zk\u00f3w:<\/strong><\/p>\n<ul>\n<li>kszta\u0142towanie modelu zarz\u0105dzania procesowego<\/li>\n<li>wspieranie rozwoju, wdro\u017cenia i ci\u0105g\u0142ego doskonalenia architektury procesowej<\/li>\n<li>projektowanie, dokumentowanie i aktualizacja map procesowych, schemat\u00f3w decyzyjnych i procesowych<\/li>\n<li>analiza efektywno\u015bci proces\u00f3w, proponowanie metryk efektywno\u015bci i skuteczno\u015bci oraz usprawnie\u0144 i automatyzacji proces\u00f3w<\/li>\n<li>przygotowanie, planowanie i projektowanie nowych proces\u00f3w oraz wsparcie ich wdra\u017cania<\/li>\n<li>nadz\u00f3r nad cyklem \u017cycia proces\u00f3w<\/li>\n<li>wsp\u00f3\u0142udzia\u0142 w opracowaniu i aktualizacji dokumentacji architektury procesowej oraz odpowiednich regulacji wewn\u0119trznych<\/li>\n<li>sporz\u0105dzanie analiz i raport\u00f3w dotycz\u0105cych funkcjonuj\u0105cych proces\u00f3w<\/li>\n<li>przygotowywanie oraz wsparcie realizacji szkole\u0144 dotycz\u0105cych zarz\u0105dzania procesowego<\/li>\n<\/ul>\n<p><strong>Wymagania:<\/strong><\/p>\n<ul>\n<li>wykszta\u0142cenie wy\u017csze \u2013 mile widziane kierunki takie jak zarz\u0105dzanie, in\u017cynieria lub pokrewne<\/li>\n<li>minimum 3 lata do\u015bwiadczenia na stanowisku zwi\u0105zanym z projektowaniem, wdra\u017caniem lub optymalizacj\u0105 proces\u00f3w biznesowych<\/li>\n<li>bieg\u0142o\u015b\u0107 w obs\u0142udze MS Office (zw\u0142aszcza Excel, PowerPoint i Word)<\/li>\n<li>umiej\u0119tno\u015b\u0107 analitycznego i procesowego my\u015blenia \u2013 zdolno\u015b\u0107 przek\u0142adania analiz na konkretne rekomendacje, usprawniaj\u0105ce dzia\u0142anie organizacji<\/li>\n<li>dobra organizacja pracy, zarz\u0105dzanie czasem, samodzielno\u015b\u0107, terminowo\u015b\u0107<\/li>\n<li>komunikatywno\u015b\u0107 i efektywna wsp\u00f3\u0142praca<\/li>\n<li>znajomo\u015b\u0107 j\u0119zyka angielskiego na poziomie pozwalaj\u0105cym na komunikacj\u0119 i \u200dkorzystanie z materia\u0142\u00f3w bran\u017cowych<\/li>\n<\/ul>\n<p><strong>Mile widziane:<\/strong><\/p>\n<ul>\n<li>do\u015bwiadczenie w prowadzeniu projekt\u00f3w optymalizacyjnych lub wdro\u017ceniowych z \u200dwykorzystaniem podej\u015bcia BPM<\/li>\n<li>praktyka w konsultingu w obszarze procesowym<\/li>\n<li>do\u015bwiadczenie we wdra\u017caniu narz\u0119dzi cyfrowych wspieraj\u0105cych zarz\u0105dzanie procesami<\/li>\n<li>znajomo\u015b\u0107 bran\u017cy elektroenergetycznej<\/li>\n<li>umiej\u0119tno\u015b\u0107 prowadzenia szkole\u0144 i warsztat\u00f3w dla wsp\u00f3\u0142pracownik\u00f3w<\/li>\n<\/ul>\n<div id=\"Opportunities\">\n<p><strong>Oferujemy:<\/strong><\/p>\n<ul>\n<li>zatrudnienie w oparciu o umow\u0119 o prac\u0119<\/li>\n<li>atrakcyjny system wynagrodze\u0144 uwzgl\u0119dniaj\u0105cy czytelny system premiowy<\/li>\n<li>szkolenia podnosz\u0105ce kwalifikacje i zapewniaj\u0105ce rozw\u00f3j zawodowy<\/li>\n<li>pakiet benefit\u00f3w pozap\u0142acowych, m.in. prywatna opieka medyczna, ubezpieczenie na \u017cycie, karta multisport, dodatkowe \u015bwiadczenia w ramach ZF\u015aS<\/li>\n<li>dodatkowy dzie\u0144 wolny z okazji Dnia Energetyka &#8211; 14 sierpnia<\/li>\n<\/ul>\n<\/div>\n","protected":false},"excerpt":{"rendered":"<p>Podstawowy zakres obowi\u0105zk\u00f3w: kszta\u0142towanie modelu zarz\u0105dzania procesowego wspieranie rozwoju, wdro\u017cenia i ci\u0105g\u0142ego doskonalenia architektury procesowej projektowanie, dokumentowanie i aktualizacja map procesowych, schemat\u00f3w decyzyjnych i procesowych analiza efektywno\u015bci proces\u00f3w, proponowanie metryk&#8230;<\/p>\n","protected":false},"author":9475,"featured_media":0,"template":"","meta":{"_acf_changed":false,"_promoted":"","_company_name":"Polskie Sieci Elektroenergetyczne S.A.","_job_zagraniczne":"0","_company_website":"","_company_video":"","_remote_position":0,"_hide_expiration":"0","_job_salary":"","_job_salary_currency":"","_job_salary_unit":""},"job-categories":[35,586],"job-types":[2],"job_listing_tag":[],"class_list":{"0":"post-12304","1":"job_listing","2":"type-job_listing","3":"status-publish","4":"hentry","5":"job_listing_category-energetyka","6":"job_listing_category-sieci-przesylowe","7":"job_listing_type-umowa-o-prace","8":"job-level-specjalista","10":"job-type-umowa-o-prace"},"acf":[],"yoast_head":"<!-- This site is optimized with the Yoast SEO Premium plugin v25.5 (Yoast SEO v25.5) - https:\/\/yoast.com\/wordpress\/plugins\/seo\/ -->\n<title>G\u0142\u00f3wny Specjalista ds. zarz\u0105dzania zmian\u0105 i procesami biznesowymi w sektorze energetycznym (k\/m\/n) - Jobtek<\/title>\n<meta name=\"robots\" content=\"index, follow, max-snippet:-1, max-image-preview:large, max-video-preview:-1\" \/>\n<link rel=\"canonical\" href=\"https:\/\/jobtek.eu\/en\/stanowisko\/polskie-sieci-elektroenergetyczne-s-a-glowny-specjalista-ds-zarzadzania-zmiana-i-procesami-biznesowymi-w-sektorze-energetycznym-k-m-n-warszawa-polska\/\" \/>\n<meta property=\"og:locale\" content=\"en_US\" \/>\n<meta property=\"og:type\" content=\"article\" \/>\n<meta property=\"og:title\" content=\"G\u0142\u00f3wny Specjalista ds. zarz\u0105dzania zmian\u0105 i procesami biznesowymi w sektorze energetycznym (k\/m\/n)\" \/>\n<meta property=\"og:description\" content=\"Podstawowy zakres obowi\u0105zk\u00f3w: kszta\u0142towanie modelu zarz\u0105dzania procesowego wspieranie rozwoju, wdro\u017cenia i ci\u0105g\u0142ego doskonalenia architektury procesowej projektowanie, dokumentowanie i aktualizacja map procesowych, schemat\u00f3w decyzyjnych i procesowych analiza efektywno\u015bci proces\u00f3w, proponowanie metryk...\" \/>\n<meta property=\"og:url\" content=\"https:\/\/jobtek.eu\/en\/stanowisko\/polskie-sieci-elektroenergetyczne-s-a-glowny-specjalista-ds-zarzadzania-zmiana-i-procesami-biznesowymi-w-sektorze-energetycznym-k-m-n-warszawa-polska\/\" \/>\n<meta property=\"og:site_name\" content=\"Jobtek\" \/>\n<meta property=\"article:modified_time\" content=\"2026-04-28T06:51:02+00:00\" \/>\n<meta property=\"og:image\" content=\"https:\/\/skk.erecruiter.pl\/CSS\/df57fda29f364a128360143b108a39ac\/_res\/top.png\" \/>\n<meta name=\"twitter:card\" content=\"summary_large_image\" \/>\n<meta name=\"twitter:label1\" content=\"Est. reading time\" \/>\n\t<meta name=\"twitter:data1\" content=\"2 minutes\" \/>\n<script type=\"application\/ld+json\" class=\"yoast-schema-graph\">{\"@context\":\"https:\/\/schema.org\",\"@graph\":[{\"@type\":\"WebPage\",\"@id\":\"https:\/\/jobtek.eu\/en\/stanowisko\/polskie-sieci-elektroenergetyczne-s-a-glowny-specjalista-ds-zarzadzania-zmiana-i-procesami-biznesowymi-w-sektorze-energetycznym-k-m-n-warszawa-polska\/\",\"url\":\"https:\/\/jobtek.eu\/en\/stanowisko\/polskie-sieci-elektroenergetyczne-s-a-glowny-specjalista-ds-zarzadzania-zmiana-i-procesami-biznesowymi-w-sektorze-energetycznym-k-m-n-warszawa-polska\/\",\"name\":\"G\u0142\u00f3wny Specjalista ds. zarz\u0105dzania zmian\u0105 i procesami biznesowymi w sektorze energetycznym (k\/m\/n) - Jobtek\",\"isPartOf\":{\"@id\":\"https:\/\/jobtek.eu\/en\/#website\"},\"primaryImageOfPage\":{\"@id\":\"https:\/\/jobtek.eu\/en\/stanowisko\/polskie-sieci-elektroenergetyczne-s-a-glowny-specjalista-ds-zarzadzania-zmiana-i-procesami-biznesowymi-w-sektorze-energetycznym-k-m-n-warszawa-polska\/#primaryimage\"},\"image\":{\"@id\":\"https:\/\/jobtek.eu\/en\/stanowisko\/polskie-sieci-elektroenergetyczne-s-a-glowny-specjalista-ds-zarzadzania-zmiana-i-procesami-biznesowymi-w-sektorze-energetycznym-k-m-n-warszawa-polska\/#primaryimage\"},\"thumbnailUrl\":\"https:\/\/skk.erecruiter.pl\/CSS\/df57fda29f364a128360143b108a39ac\/_res\/top.png\",\"datePublished\":\"2026-02-17T07:05:18+00:00\",\"dateModified\":\"2026-04-28T06:51:02+00:00\",\"breadcrumb\":{\"@id\":\"https:\/\/jobtek.eu\/en\/stanowisko\/polskie-sieci-elektroenergetyczne-s-a-glowny-specjalista-ds-zarzadzania-zmiana-i-procesami-biznesowymi-w-sektorze-energetycznym-k-m-n-warszawa-polska\/#breadcrumb\"},\"inLanguage\":\"en-US\",\"potentialAction\":[{\"@type\":\"ReadAction\",\"target\":[\"https:\/\/jobtek.eu\/en\/stanowisko\/polskie-sieci-elektroenergetyczne-s-a-glowny-specjalista-ds-zarzadzania-zmiana-i-procesami-biznesowymi-w-sektorze-energetycznym-k-m-n-warszawa-polska\/\"]}]},{\"@type\":\"ImageObject\",\"inLanguage\":\"en-US\",\"@id\":\"https:\/\/jobtek.eu\/en\/stanowisko\/polskie-sieci-elektroenergetyczne-s-a-glowny-specjalista-ds-zarzadzania-zmiana-i-procesami-biznesowymi-w-sektorze-energetycznym-k-m-n-warszawa-polska\/#primaryimage\",\"url\":\"https:\/\/skk.erecruiter.pl\/CSS\/df57fda29f364a128360143b108a39ac\/_res\/top.png\",\"contentUrl\":\"https:\/\/skk.erecruiter.pl\/CSS\/df57fda29f364a128360143b108a39ac\/_res\/top.png\"},{\"@type\":\"BreadcrumbList\",\"@id\":\"https:\/\/jobtek.eu\/en\/stanowisko\/polskie-sieci-elektroenergetyczne-s-a-glowny-specjalista-ds-zarzadzania-zmiana-i-procesami-biznesowymi-w-sektorze-energetycznym-k-m-n-warszawa-polska\/#breadcrumb\",\"itemListElement\":[{\"@type\":\"ListItem\",\"position\":1,\"name\":\"Strona g\u0142\u00f3wna\",\"item\":\"https:\/\/jobtek.eu\/en\/\"},{\"@type\":\"ListItem\",\"position\":2,\"name\":\"Jobs\",\"item\":\"https:\/\/jobtek.eu\/en\/job-listings\/\"},{\"@type\":\"ListItem\",\"position\":3,\"name\":\"G\u0142\u00f3wny Specjalista ds. zarz\u0105dzania zmian\u0105 i procesami biznesowymi w sektorze energetycznym (k\/m\/n)\"}]},{\"@type\":\"WebSite\",\"@id\":\"https:\/\/jobtek.eu\/en\/#website\",\"url\":\"https:\/\/jobtek.eu\/en\/\",\"name\":\"Jobtek\",\"description\":\"\",\"publisher\":{\"@id\":\"https:\/\/jobtek.eu\/en\/#organization\"},\"potentialAction\":[{\"@type\":\"SearchAction\",\"target\":{\"@type\":\"EntryPoint\",\"urlTemplate\":\"https:\/\/jobtek.eu\/en\/?s={search_term_string}\"},\"query-input\":{\"@type\":\"PropertyValueSpecification\",\"valueRequired\":true,\"valueName\":\"search_term_string\"}}],\"inLanguage\":\"en-US\"},{\"@type\":\"Organization\",\"@id\":\"https:\/\/jobtek.eu\/en\/#organization\",\"name\":\"Jobtek\",\"url\":\"https:\/\/jobtek.eu\/en\/\",\"logo\":{\"@type\":\"ImageObject\",\"inLanguage\":\"en-US\",\"@id\":\"https:\/\/jobtek.eu\/en\/#\/schema\/logo\/image\/\",\"url\":\"https:\/\/jobtek.eu\/wp-content\/uploads\/2023\/06\/jobtek-fav.jpg\",\"contentUrl\":\"https:\/\/jobtek.eu\/wp-content\/uploads\/2023\/06\/jobtek-fav.jpg\",\"width\":512,\"height\":512,\"caption\":\"Jobtek\"},\"image\":{\"@id\":\"https:\/\/jobtek.eu\/en\/#\/schema\/logo\/image\/\"},\"sameAs\":[\"https:\/\/www.linkedin.com\/company\/jobtekpl\/\"]}]}<\/script>\n<!-- \/ Yoast SEO Premium plugin. -->","yoast_head_json":{"title":"G\u0142\u00f3wny Specjalista ds. zarz\u0105dzania zmian\u0105 i procesami biznesowymi w sektorze energetycznym (k\/m\/n) - Jobtek","robots":{"index":"index","follow":"follow","max-snippet":"max-snippet:-1","max-image-preview":"max-image-preview:large","max-video-preview":"max-video-preview:-1"},"canonical":"https:\/\/jobtek.eu\/en\/stanowisko\/polskie-sieci-elektroenergetyczne-s-a-glowny-specjalista-ds-zarzadzania-zmiana-i-procesami-biznesowymi-w-sektorze-energetycznym-k-m-n-warszawa-polska\/","og_locale":"en_US","og_type":"article","og_title":"G\u0142\u00f3wny Specjalista ds. zarz\u0105dzania zmian\u0105 i procesami biznesowymi w sektorze energetycznym (k\/m\/n)","og_description":"Podstawowy zakres obowi\u0105zk\u00f3w: kszta\u0142towanie modelu zarz\u0105dzania procesowego wspieranie rozwoju, wdro\u017cenia i ci\u0105g\u0142ego doskonalenia architektury procesowej projektowanie, dokumentowanie i aktualizacja map procesowych, schemat\u00f3w decyzyjnych i procesowych analiza efektywno\u015bci proces\u00f3w, proponowanie metryk...","og_url":"https:\/\/jobtek.eu\/en\/stanowisko\/polskie-sieci-elektroenergetyczne-s-a-glowny-specjalista-ds-zarzadzania-zmiana-i-procesami-biznesowymi-w-sektorze-energetycznym-k-m-n-warszawa-polska\/","og_site_name":"Jobtek","article_modified_time":"2026-04-28T06:51:02+00:00","og_image":[{"url":"https:\/\/skk.erecruiter.pl\/CSS\/df57fda29f364a128360143b108a39ac\/_res\/top.png","type":"","width":"","height":""}],"twitter_card":"summary_large_image","twitter_misc":{"Est. reading time":"2 minutes"},"schema":{"@context":"https:\/\/schema.org","@graph":[{"@type":"WebPage","@id":"https:\/\/jobtek.eu\/en\/stanowisko\/polskie-sieci-elektroenergetyczne-s-a-glowny-specjalista-ds-zarzadzania-zmiana-i-procesami-biznesowymi-w-sektorze-energetycznym-k-m-n-warszawa-polska\/","url":"https:\/\/jobtek.eu\/en\/stanowisko\/polskie-sieci-elektroenergetyczne-s-a-glowny-specjalista-ds-zarzadzania-zmiana-i-procesami-biznesowymi-w-sektorze-energetycznym-k-m-n-warszawa-polska\/","name":"G\u0142\u00f3wny Specjalista ds. zarz\u0105dzania zmian\u0105 i procesami biznesowymi w sektorze energetycznym (k\/m\/n) - Jobtek","isPartOf":{"@id":"https:\/\/jobtek.eu\/en\/#website"},"primaryImageOfPage":{"@id":"https:\/\/jobtek.eu\/en\/stanowisko\/polskie-sieci-elektroenergetyczne-s-a-glowny-specjalista-ds-zarzadzania-zmiana-i-procesami-biznesowymi-w-sektorze-energetycznym-k-m-n-warszawa-polska\/#primaryimage"},"image":{"@id":"https:\/\/jobtek.eu\/en\/stanowisko\/polskie-sieci-elektroenergetyczne-s-a-glowny-specjalista-ds-zarzadzania-zmiana-i-procesami-biznesowymi-w-sektorze-energetycznym-k-m-n-warszawa-polska\/#primaryimage"},"thumbnailUrl":"https:\/\/skk.erecruiter.pl\/CSS\/df57fda29f364a128360143b108a39ac\/_res\/top.png","datePublished":"2026-02-17T07:05:18+00:00","dateModified":"2026-04-28T06:51:02+00:00","breadcrumb":{"@id":"https:\/\/jobtek.eu\/en\/stanowisko\/polskie-sieci-elektroenergetyczne-s-a-glowny-specjalista-ds-zarzadzania-zmiana-i-procesami-biznesowymi-w-sektorze-energetycznym-k-m-n-warszawa-polska\/#breadcrumb"},"inLanguage":"en-US","potentialAction":[{"@type":"ReadAction","target":["https:\/\/jobtek.eu\/en\/stanowisko\/polskie-sieci-elektroenergetyczne-s-a-glowny-specjalista-ds-zarzadzania-zmiana-i-procesami-biznesowymi-w-sektorze-energetycznym-k-m-n-warszawa-polska\/"]}]},{"@type":"ImageObject","inLanguage":"en-US","@id":"https:\/\/jobtek.eu\/en\/stanowisko\/polskie-sieci-elektroenergetyczne-s-a-glowny-specjalista-ds-zarzadzania-zmiana-i-procesami-biznesowymi-w-sektorze-energetycznym-k-m-n-warszawa-polska\/#primaryimage","url":"https:\/\/skk.erecruiter.pl\/CSS\/df57fda29f364a128360143b108a39ac\/_res\/top.png","contentUrl":"https:\/\/skk.erecruiter.pl\/CSS\/df57fda29f364a128360143b108a39ac\/_res\/top.png"},{"@type":"BreadcrumbList","@id":"https:\/\/jobtek.eu\/en\/stanowisko\/polskie-sieci-elektroenergetyczne-s-a-glowny-specjalista-ds-zarzadzania-zmiana-i-procesami-biznesowymi-w-sektorze-energetycznym-k-m-n-warszawa-polska\/#breadcrumb","itemListElement":[{"@type":"ListItem","position":1,"name":"Strona g\u0142\u00f3wna","item":"https:\/\/jobtek.eu\/en\/"},{"@type":"ListItem","position":2,"name":"Jobs","item":"https:\/\/jobtek.eu\/en\/job-listings\/"},{"@type":"ListItem","position":3,"name":"G\u0142\u00f3wny Specjalista ds. zarz\u0105dzania zmian\u0105 i procesami biznesowymi w sektorze energetycznym (k\/m\/n)"}]},{"@type":"WebSite","@id":"https:\/\/jobtek.eu\/en\/#website","url":"https:\/\/jobtek.eu\/en\/","name":"Jobtek","description":"","publisher":{"@id":"https:\/\/jobtek.eu\/en\/#organization"},"potentialAction":[{"@type":"SearchAction","target":{"@type":"EntryPoint","urlTemplate":"https:\/\/jobtek.eu\/en\/?s={search_term_string}"},"query-input":{"@type":"PropertyValueSpecification","valueRequired":true,"valueName":"search_term_string"}}],"inLanguage":"en-US"},{"@type":"Organization","@id":"https:\/\/jobtek.eu\/en\/#organization","name":"Jobtek","url":"https:\/\/jobtek.eu\/en\/","logo":{"@type":"ImageObject","inLanguage":"en-US","@id":"https:\/\/jobtek.eu\/en\/#\/schema\/logo\/image\/","url":"https:\/\/jobtek.eu\/wp-content\/uploads\/2023\/06\/jobtek-fav.jpg","contentUrl":"https:\/\/jobtek.eu\/wp-content\/uploads\/2023\/06\/jobtek-fav.jpg","width":512,"height":512,"caption":"Jobtek"},"image":{"@id":"https:\/\/jobtek.eu\/en\/#\/schema\/logo\/image\/"},"sameAs":["https:\/\/www.linkedin.com\/company\/jobtekpl\/"]}]}},"_links":{"self":[{"href":"https:\/\/jobtek.eu\/en\/wp-json\/wp\/v2\/job-listings\/12304","targetHints":{"allow":["GET"]}}],"collection":[{"href":"https:\/\/jobtek.eu\/en\/wp-json\/wp\/v2\/job-listings"}],"about":[{"href":"https:\/\/jobtek.eu\/en\/wp-json\/wp\/v2\/types\/job_listing"}],"author":[{"embeddable":true,"href":"https:\/\/jobtek.eu\/en\/wp-json\/wp\/v2\/users\/9475"}],"wp:attachment":[{"href":"https:\/\/jobtek.eu\/en\/wp-json\/wp\/v2\/media?parent=12304"}],"wp:term":[{"taxonomy":"job_listing_category","embeddable":true,"href":"https:\/\/jobtek.eu\/en\/wp-json\/wp\/v2\/job-categories?post=12304"},{"taxonomy":"job_listing_type","embeddable":true,"href":"https:\/\/jobtek.eu\/en\/wp-json\/wp\/v2\/job-types?post=12304"},{"taxonomy":"job_listing_tag","embeddable":true,"href":"https:\/\/jobtek.eu\/en\/wp-json\/wp\/v2\/job_listing_tag?post=12304"}],"curies":[{"name":"wp","href":"https:\/\/api.w.org\/{rel}","templated":true}]}}