{"id":12310,"date":"2026-02-24T00:31:08","date_gmt":"2026-02-17T07:13:49","guid":{"rendered":"https:\/\/jobtek.eu\/?post_type=job_listing&#038;p=12310"},"modified":"2026-02-24T08:26:45","modified_gmt":"2026-02-24T07:26:45","slug":"polskie-sieci-elektroenergetyczne-s-a-glowny-specjalista-ds-kierowania-projektami-sap-k-m-n-konstancin-jeziorna-polska","status":"expired","type":"job_listing","link":"https:\/\/jobtek.eu\/en\/?post_type=job_listing&p=12310","title":{"rendered":"G\u0142\u00f3wny Specjalista ds. kierowania projektami SAP \u200b(k\/m\/n)"},"content":{"rendered":"<p><img decoding=\"async\" class=\"aligncenter\" src=\"https:\/\/skk.erecruiter.pl\/CSS\/df57fda29f364a128360143b108a39ac\/_res\/top.png\" \/><\/p>\n<p><strong>Podstawowy zakres obowi\u0105zk\u00f3w:<\/strong><\/p>\n<ul>\n<li>zarz\u0105dzanie projektami SAP S\/4HANA od etapu analizy po wdro\u017cenie i stabilizacj\u0119<\/li>\n<li>koordynacja zespo\u0142\u00f3w projektowych oraz wsp\u00f3\u0142praca z dostawcami zewn\u0119trznymi<\/li>\n<li>zarz\u0105dzanie cyklem \u017cycia projektu obejmuj\u0105ce: planowanie, bud\u017cetowanie, organizowanie, kierowanie zespo\u0142em, monitorowanie i raportowanie realizacji, ryzyka projektowe<\/li>\n<li>wsp\u00f3\u0142praca z kluczowymi interesariuszami<\/li>\n<li>wsp\u00f3\u0142praca z zespo\u0142ami rozwojowymi i zespo\u0142ami odpowiedzialnymi za utrzymanie oraz bezpiecze\u0144stwo<\/li>\n<li>przygotowywanie dokumentacji zwi\u0105zanej z realizacj\u0105 post\u0119powa\u0144 przetargowych i projekt\u00f3w<\/li>\n<li>monitorowanie i raportowanie realizacji projekt\u00f3w informatycznych<\/li>\n<li>komunikacja cel\u00f3w i sposob\u00f3w ich osi\u0105gania dla interesariuszy projekt\u00f3w informatycznych<\/li>\n<\/ul>\n<p><strong>Wymagania:<\/strong><\/p>\n<ul>\n<li>wykszta\u0142cenie wy\u017csze (mile widziane informatyczne, ekonomiczne)<\/li>\n<li>minimum 5 lat do\u015bwiadczenia w roli Kierownika Projektu w zarz\u0105dzaniu i prowadzeniu projekt\u00f3w wdro\u017ceniowych SAP S\/4HANA lub utrzymaniowo-rozwojowych SAP<\/li>\n<li>dobra znajomo\u015b\u0107 klasycznych metodyk zarz\u0105dzania projektami<\/li>\n<li>znajomo\u015b\u0107 zwinnych metodyk zarz\u0105dzania projektami<\/li>\n<li>umiej\u0119tno\u015b\u0107 zarz\u0105dzania potrzebami u\u017cytkownik\u00f3w w kontek\u015bcie zakresu, bud\u017cetu i harmonogramu prowadzonych projekt\u00f3w<\/li>\n<li>znajomo\u015b\u0107 j\u0119zyka angielskiego na poziomie co najmniej B1<\/li>\n<li>komunikatywno\u015b\u0107 i umiej\u0119tno\u015b\u0107 budowania relacji<\/li>\n<li>umiej\u0119tno\u015bci motywowania siebie i innych<\/li>\n<\/ul>\n<p><strong>Mile widziane<\/strong><\/p>\n<ul>\n<li>znajomo\u015b\u0107 metodyk SAP Activate oraz ASAP<\/li>\n<li>certyfikat PMP lub r\u00f3wnowa\u017cny<\/li>\n<\/ul>\n<div id=\"Opportunities\">\n<p><strong>Oferujemy:<\/strong><\/p>\n<ul>\n<li>zatrudnienie w oparciu o umow\u0119 o prac\u0119<\/li>\n<li>atrakcyjny system wynagrodze\u0144 uwzgl\u0119dniaj\u0105cy czytelny system premiowy<\/li>\n<li>szkolenia podnosz\u0105ce kwalifikacje i zapewniaj\u0105ce rozw\u00f3j zawodowy<\/li>\n<li>pakiet benefit\u00f3w pozap\u0142acowych, m.in. prywatna opieka medyczna, ubezpieczenie na \u017cycie, karta multisport, dodatkowe \u015bwiadczenia w ramach ZF\u015aS<\/li>\n<li>dodatkowy dzie\u0144 wolny z okazji Dnia Energetyka &#8211; 14 sierpnia<\/li>\n<\/ul>\n<\/div>\n","protected":false},"excerpt":{"rendered":"<p>Podstawowy zakres obowi\u0105zk\u00f3w: zarz\u0105dzanie projektami SAP S\/4HANA od etapu analizy po wdro\u017cenie i stabilizacj\u0119 koordynacja zespo\u0142\u00f3w projektowych oraz wsp\u00f3\u0142praca z dostawcami zewn\u0119trznymi zarz\u0105dzanie cyklem \u017cycia projektu obejmuj\u0105ce: planowanie, bud\u017cetowanie, organizowanie,&#8230;<\/p>\n","protected":false},"author":9475,"featured_media":0,"template":"","meta":{"_acf_changed":false,"_promoted":"","_company_name":"Polskie Sieci Elektroenergetyczne S.A.","_job_zagraniczne":"0","_company_website":"","_company_video":"","_remote_position":0,"_hide_expiration":"0","_job_salary":"","_job_salary_currency":"","_job_salary_unit":""},"job-categories":[35,586,145],"job-types":[2],"job_listing_tag":[],"class_list":{"0":"post-12310","1":"job_listing","2":"type-job_listing","3":"status-expired","4":"hentry","5":"job_listing_category-energetyka","6":"job_listing_category-sieci-przesylowe","7":"job_listing_category-inne","8":"job_listing_type-umowa-o-prace","9":"job-level-specjalista","11":"job-type-umowa-o-prace"},"acf":[],"yoast_head":"<!-- This site is optimized with the Yoast SEO Premium plugin v25.5 (Yoast SEO v25.5) - https:\/\/yoast.com\/wordpress\/plugins\/seo\/ -->\n<title>G\u0142\u00f3wny Specjalista ds. kierowania projektami SAP \u200b(k\/m\/n) - Jobtek<\/title>\n<meta name=\"robots\" content=\"index, follow, max-snippet:-1, max-image-preview:large, max-video-preview:-1\" \/>\n<link rel=\"canonical\" href=\"https:\/\/jobtek.eu\/en\/?post_type=job_listing&p=12310\" \/>\n<meta property=\"og:locale\" content=\"en_US\" \/>\n<meta property=\"og:type\" content=\"article\" \/>\n<meta property=\"og:title\" content=\"G\u0142\u00f3wny Specjalista ds. kierowania projektami SAP \u200b(k\/m\/n)\" \/>\n<meta property=\"og:description\" content=\"Podstawowy zakres obowi\u0105zk\u00f3w: zarz\u0105dzanie projektami SAP S\/4HANA od etapu analizy po wdro\u017cenie i stabilizacj\u0119 koordynacja zespo\u0142\u00f3w projektowych oraz wsp\u00f3\u0142praca z dostawcami zewn\u0119trznymi zarz\u0105dzanie cyklem \u017cycia projektu obejmuj\u0105ce: planowanie, bud\u017cetowanie, organizowanie,...\" \/>\n<meta property=\"og:url\" content=\"https:\/\/jobtek.eu\/en\/?post_type=job_listing&amp;p=12310\" \/>\n<meta property=\"og:site_name\" content=\"Jobtek\" \/>\n<meta property=\"article:modified_time\" content=\"2026-02-24T07:26:45+00:00\" \/>\n<meta property=\"og:image\" content=\"https:\/\/skk.erecruiter.pl\/CSS\/df57fda29f364a128360143b108a39ac\/_res\/top.png\" \/>\n<meta name=\"twitter:card\" content=\"summary_large_image\" \/>\n<meta name=\"twitter:label1\" content=\"Est. reading time\" \/>\n\t<meta name=\"twitter:data1\" content=\"2 minutes\" \/>\n<script type=\"application\/ld+json\" class=\"yoast-schema-graph\">{\"@context\":\"https:\/\/schema.org\",\"@graph\":[{\"@type\":\"WebPage\",\"@id\":\"https:\/\/jobtek.eu\/en\/?post_type=job_listing&p=12310\",\"url\":\"https:\/\/jobtek.eu\/en\/?post_type=job_listing&p=12310\",\"name\":\"G\u0142\u00f3wny Specjalista ds. kierowania projektami SAP \u200b(k\/m\/n) - Jobtek\",\"isPartOf\":{\"@id\":\"https:\/\/jobtek.eu\/en\/#website\"},\"primaryImageOfPage\":{\"@id\":\"https:\/\/jobtek.eu\/en\/?post_type=job_listing&p=12310#primaryimage\"},\"image\":{\"@id\":\"https:\/\/jobtek.eu\/en\/?post_type=job_listing&p=12310#primaryimage\"},\"thumbnailUrl\":\"https:\/\/skk.erecruiter.pl\/CSS\/df57fda29f364a128360143b108a39ac\/_res\/top.png\",\"datePublished\":\"2026-02-17T07:13:49+00:00\",\"dateModified\":\"2026-02-24T07:26:45+00:00\",\"breadcrumb\":{\"@id\":\"https:\/\/jobtek.eu\/en\/?post_type=job_listing&p=12310#breadcrumb\"},\"inLanguage\":\"en-US\",\"potentialAction\":[{\"@type\":\"ReadAction\",\"target\":[\"https:\/\/jobtek.eu\/en\/?post_type=job_listing&p=12310\"]}]},{\"@type\":\"ImageObject\",\"inLanguage\":\"en-US\",\"@id\":\"https:\/\/jobtek.eu\/en\/?post_type=job_listing&p=12310#primaryimage\",\"url\":\"https:\/\/skk.erecruiter.pl\/CSS\/df57fda29f364a128360143b108a39ac\/_res\/top.png\",\"contentUrl\":\"https:\/\/skk.erecruiter.pl\/CSS\/df57fda29f364a128360143b108a39ac\/_res\/top.png\"},{\"@type\":\"BreadcrumbList\",\"@id\":\"https:\/\/jobtek.eu\/en\/?post_type=job_listing&p=12310#breadcrumb\",\"itemListElement\":[{\"@type\":\"ListItem\",\"position\":1,\"name\":\"Strona g\u0142\u00f3wna\",\"item\":\"https:\/\/jobtek.eu\/en\/\"},{\"@type\":\"ListItem\",\"position\":2,\"name\":\"Jobs\",\"item\":\"https:\/\/jobtek.eu\/en\/job-listings\/\"},{\"@type\":\"ListItem\",\"position\":3,\"name\":\"G\u0142\u00f3wny Specjalista ds. kierowania projektami SAP \u200b(k\/m\/n)\"}]},{\"@type\":\"WebSite\",\"@id\":\"https:\/\/jobtek.eu\/en\/#website\",\"url\":\"https:\/\/jobtek.eu\/en\/\",\"name\":\"Jobtek\",\"description\":\"\",\"publisher\":{\"@id\":\"https:\/\/jobtek.eu\/en\/#organization\"},\"potentialAction\":[{\"@type\":\"SearchAction\",\"target\":{\"@type\":\"EntryPoint\",\"urlTemplate\":\"https:\/\/jobtek.eu\/en\/?s={search_term_string}\"},\"query-input\":{\"@type\":\"PropertyValueSpecification\",\"valueRequired\":true,\"valueName\":\"search_term_string\"}}],\"inLanguage\":\"en-US\"},{\"@type\":\"Organization\",\"@id\":\"https:\/\/jobtek.eu\/en\/#organization\",\"name\":\"Jobtek\",\"url\":\"https:\/\/jobtek.eu\/en\/\",\"logo\":{\"@type\":\"ImageObject\",\"inLanguage\":\"en-US\",\"@id\":\"https:\/\/jobtek.eu\/en\/#\/schema\/logo\/image\/\",\"url\":\"https:\/\/jobtek.eu\/wp-content\/uploads\/2023\/06\/jobtek-fav.jpg\",\"contentUrl\":\"https:\/\/jobtek.eu\/wp-content\/uploads\/2023\/06\/jobtek-fav.jpg\",\"width\":512,\"height\":512,\"caption\":\"Jobtek\"},\"image\":{\"@id\":\"https:\/\/jobtek.eu\/en\/#\/schema\/logo\/image\/\"},\"sameAs\":[\"https:\/\/www.linkedin.com\/company\/jobtekpl\/\"]}]}<\/script>\n<!-- \/ Yoast SEO Premium plugin. -->","yoast_head_json":{"title":"G\u0142\u00f3wny Specjalista ds. kierowania projektami SAP \u200b(k\/m\/n) - Jobtek","robots":{"index":"index","follow":"follow","max-snippet":"max-snippet:-1","max-image-preview":"max-image-preview:large","max-video-preview":"max-video-preview:-1"},"canonical":"https:\/\/jobtek.eu\/en\/?post_type=job_listing&p=12310","og_locale":"en_US","og_type":"article","og_title":"G\u0142\u00f3wny Specjalista ds. kierowania projektami SAP \u200b(k\/m\/n)","og_description":"Podstawowy zakres obowi\u0105zk\u00f3w: zarz\u0105dzanie projektami SAP S\/4HANA od etapu analizy po wdro\u017cenie i stabilizacj\u0119 koordynacja zespo\u0142\u00f3w projektowych oraz wsp\u00f3\u0142praca z dostawcami zewn\u0119trznymi zarz\u0105dzanie cyklem \u017cycia projektu obejmuj\u0105ce: planowanie, bud\u017cetowanie, organizowanie,...","og_url":"https:\/\/jobtek.eu\/en\/?post_type=job_listing&p=12310","og_site_name":"Jobtek","article_modified_time":"2026-02-24T07:26:45+00:00","og_image":[{"url":"https:\/\/skk.erecruiter.pl\/CSS\/df57fda29f364a128360143b108a39ac\/_res\/top.png","type":"","width":"","height":""}],"twitter_card":"summary_large_image","twitter_misc":{"Est. reading time":"2 minutes"},"schema":{"@context":"https:\/\/schema.org","@graph":[{"@type":"WebPage","@id":"https:\/\/jobtek.eu\/en\/?post_type=job_listing&p=12310","url":"https:\/\/jobtek.eu\/en\/?post_type=job_listing&p=12310","name":"G\u0142\u00f3wny Specjalista ds. kierowania projektami SAP \u200b(k\/m\/n) - Jobtek","isPartOf":{"@id":"https:\/\/jobtek.eu\/en\/#website"},"primaryImageOfPage":{"@id":"https:\/\/jobtek.eu\/en\/?post_type=job_listing&p=12310#primaryimage"},"image":{"@id":"https:\/\/jobtek.eu\/en\/?post_type=job_listing&p=12310#primaryimage"},"thumbnailUrl":"https:\/\/skk.erecruiter.pl\/CSS\/df57fda29f364a128360143b108a39ac\/_res\/top.png","datePublished":"2026-02-17T07:13:49+00:00","dateModified":"2026-02-24T07:26:45+00:00","breadcrumb":{"@id":"https:\/\/jobtek.eu\/en\/?post_type=job_listing&p=12310#breadcrumb"},"inLanguage":"en-US","potentialAction":[{"@type":"ReadAction","target":["https:\/\/jobtek.eu\/en\/?post_type=job_listing&p=12310"]}]},{"@type":"ImageObject","inLanguage":"en-US","@id":"https:\/\/jobtek.eu\/en\/?post_type=job_listing&p=12310#primaryimage","url":"https:\/\/skk.erecruiter.pl\/CSS\/df57fda29f364a128360143b108a39ac\/_res\/top.png","contentUrl":"https:\/\/skk.erecruiter.pl\/CSS\/df57fda29f364a128360143b108a39ac\/_res\/top.png"},{"@type":"BreadcrumbList","@id":"https:\/\/jobtek.eu\/en\/?post_type=job_listing&p=12310#breadcrumb","itemListElement":[{"@type":"ListItem","position":1,"name":"Strona g\u0142\u00f3wna","item":"https:\/\/jobtek.eu\/en\/"},{"@type":"ListItem","position":2,"name":"Jobs","item":"https:\/\/jobtek.eu\/en\/job-listings\/"},{"@type":"ListItem","position":3,"name":"G\u0142\u00f3wny Specjalista ds. kierowania projektami SAP \u200b(k\/m\/n)"}]},{"@type":"WebSite","@id":"https:\/\/jobtek.eu\/en\/#website","url":"https:\/\/jobtek.eu\/en\/","name":"Jobtek","description":"","publisher":{"@id":"https:\/\/jobtek.eu\/en\/#organization"},"potentialAction":[{"@type":"SearchAction","target":{"@type":"EntryPoint","urlTemplate":"https:\/\/jobtek.eu\/en\/?s={search_term_string}"},"query-input":{"@type":"PropertyValueSpecification","valueRequired":true,"valueName":"search_term_string"}}],"inLanguage":"en-US"},{"@type":"Organization","@id":"https:\/\/jobtek.eu\/en\/#organization","name":"Jobtek","url":"https:\/\/jobtek.eu\/en\/","logo":{"@type":"ImageObject","inLanguage":"en-US","@id":"https:\/\/jobtek.eu\/en\/#\/schema\/logo\/image\/","url":"https:\/\/jobtek.eu\/wp-content\/uploads\/2023\/06\/jobtek-fav.jpg","contentUrl":"https:\/\/jobtek.eu\/wp-content\/uploads\/2023\/06\/jobtek-fav.jpg","width":512,"height":512,"caption":"Jobtek"},"image":{"@id":"https:\/\/jobtek.eu\/en\/#\/schema\/logo\/image\/"},"sameAs":["https:\/\/www.linkedin.com\/company\/jobtekpl\/"]}]}},"_links":{"self":[{"href":"https:\/\/jobtek.eu\/en\/wp-json\/wp\/v2\/job-listings\/12310","targetHints":{"allow":["GET"]}}],"collection":[{"href":"https:\/\/jobtek.eu\/en\/wp-json\/wp\/v2\/job-listings"}],"about":[{"href":"https:\/\/jobtek.eu\/en\/wp-json\/wp\/v2\/types\/job_listing"}],"author":[{"embeddable":true,"href":"https:\/\/jobtek.eu\/en\/wp-json\/wp\/v2\/users\/9475"}],"wp:attachment":[{"href":"https:\/\/jobtek.eu\/en\/wp-json\/wp\/v2\/media?parent=12310"}],"wp:term":[{"taxonomy":"job_listing_category","embeddable":true,"href":"https:\/\/jobtek.eu\/en\/wp-json\/wp\/v2\/job-categories?post=12310"},{"taxonomy":"job_listing_type","embeddable":true,"href":"https:\/\/jobtek.eu\/en\/wp-json\/wp\/v2\/job-types?post=12310"},{"taxonomy":"job_listing_tag","embeddable":true,"href":"https:\/\/jobtek.eu\/en\/wp-json\/wp\/v2\/job_listing_tag?post=12310"}],"curies":[{"name":"wp","href":"https:\/\/api.w.org\/{rel}","templated":true}]}}