{"id":4216,"date":"2025-11-13T00:31:05","date_gmt":"2025-06-24T22:30:29","guid":{"rendered":"https:\/\/jobtek.eu\/?post_type=job_listing&#038;p=4216"},"modified":"2025-11-24T10:44:41","modified_gmt":"2025-11-24T09:44:41","slug":"pm-group-polska-sp-z-o-o-design-manager-data-center-expert-wroclaw-polska","status":"expired","type":"job_listing","link":"https:\/\/jobtek.eu\/en\/?post_type=job_listing&p=4216","title":{"rendered":"Design Manager \/ Data Center Expert"},"content":{"rendered":"<p><img loading=\"lazy\" decoding=\"async\" class=\"size-full wp-image-3967 aligncenter\" src=\"https:\/\/jobtek.eu\/wp-content\/uploads\/2024\/11\/f4799248-c6ec-4321-956a-889927fe7ca5.png\" alt=\"\" width=\"2832\" height=\"970\" srcset=\"https:\/\/jobtek.eu\/wp-content\/uploads\/2024\/11\/f4799248-c6ec-4321-956a-889927fe7ca5.png 2832w, https:\/\/jobtek.eu\/wp-content\/uploads\/2024\/11\/f4799248-c6ec-4321-956a-889927fe7ca5-300x103.png 300w, https:\/\/jobtek.eu\/wp-content\/uploads\/2024\/11\/f4799248-c6ec-4321-956a-889927fe7ca5-1024x351.png 1024w, https:\/\/jobtek.eu\/wp-content\/uploads\/2024\/11\/f4799248-c6ec-4321-956a-889927fe7ca5-768x263.png 768w, https:\/\/jobtek.eu\/wp-content\/uploads\/2024\/11\/f4799248-c6ec-4321-956a-889927fe7ca5-1536x526.png 1536w, https:\/\/jobtek.eu\/wp-content\/uploads\/2024\/11\/f4799248-c6ec-4321-956a-889927fe7ca5-2048x701.png 2048w, https:\/\/jobtek.eu\/wp-content\/uploads\/2024\/11\/f4799248-c6ec-4321-956a-889927fe7ca5-600x206.png 600w, https:\/\/jobtek.eu\/wp-content\/uploads\/2024\/11\/f4799248-c6ec-4321-956a-889927fe7ca5-1200x411.png 1200w\" sizes=\"auto, (max-width: 2832px) 100vw, 2832px\" \/><\/p>\n<p style=\"text-align: justify;\">PM Group jest mi\u0119dzynarodow\u0105 firm\u0105 projektowo \u2013 in\u017cyniersk\u0105. Od niemal 50 lat na \u015bwiecie, a od 25 lat w Polsce \u015bwiadczymy us\u0142ugi wielobran\u017cowego projektowania, kompleksowego zarz\u0105dzania i nadzoru nad realizacj\u0105 inwestycji oraz us\u0142ugi doradcze dla inwestor\u00f3w dzia\u0142aj\u0105cych w bran\u017cach: farmaceutycznej, produkcji i przetw\u00f3rstwa \u017cywno\u015bci, produkcji d\u00f3br konsumenckich, data center, technologii medycznych, zaawansowanych technologii i elektromobilno\u015bci.<\/p>\n<p style=\"text-align: justify;\">Globalnie zatrudniamy ponad 3500 os\u00f3b, w Polsce nasz zesp\u00f3\u0142 liczy ponad 350 os\u00f3b, w biurach we Wroc\u0142awiu i Warszawie oraz na budowach na terenie kraju.<\/p>\n<p style=\"text-align: justify;\">Zesp\u00f3\u0142 PM Group stanowi\u0105 wysokiej klasy in\u017cynierowie projektanci, kosztorysanci, kierownicy projekt\u00f3w, kadra nadzoru na budowach i inni specjali\u015bci w swoich dziedzinach, kt\u00f3rzy prowadz\u0105 z\u0142o\u017cone wielobran\u017cowe projekty inwestycyjne o du\u017cej skali.<\/p>\n<p style=\"text-align: justify;\">W zwi\u0105zku z rozbudow\u0105 dzia\u0142u konstrukcji budowlanych, szukamy osoby na stanowisko:<\/p>\n<hr \/>\n<p style=\"text-align: center;\"><strong>DESIGN MANAGER \/ DATA CENTER EXPERT<\/strong><\/p>\n<hr \/>\n<p style=\"text-align: center;\"><strong>Miejsce pracy:<\/strong> Wroc\u0142aw<\/p>\n<p style=\"text-align: center;\"><strong>Tryb pracy:<\/strong> hybrydowy<\/p>\n<hr \/>\n<p style=\"text-align: justify;\"><strong>Zakres obowi\u0105zk\u00f3w:<\/strong><\/p>\n<p>Zale\u017cy nam na wzmocnieniu dzia\u0142u zarz\u0105dzania projektami o eksperta w zakresie projektowania obiekt\u00f3w DC, kt\u00f3re b\u0119dzie m\u00f3g\u0142 obejmowa\u0107 rol\u0119 design managera odpowiedzialnego za koordynowanie procesu projektowania w uj\u0119ciu wielobran\u017cowym, na wszystkich etapach realizacji projekt\u00f3w DC, od etapu koncepcji po projekty wykonawcze.<\/p>\n<ul>\n<li>Opracowanie i wdro\u017cenie tzw. Design Management Plan, wdro\u017cenie odpowiednich procedur dla zespo\u0142u projektowego, zgodnie z przej\u0119tymi w PM Group standardami.<\/li>\n<li>Opracowanie harmonogramu prac projektowych i dbanie o post\u0119p prac projektowych zgodnie z przyj\u0119tymi za\u0142o\u017ceniami, kontrola godzin roboczych zabud\u017cetowanych na realizacj\u0119 danego zadania.<\/li>\n<li>Zapewnienie pe\u0142nej koordynacji projektu w uj\u0119ciu mi\u0119dzybran\u017cowym, regularne monitorowanie post\u0119pu prac wzgl\u0119dem za\u0142o\u017ce\u0144.<\/li>\n<li>Zarz\u0105dzanie przegl\u0105dami dokumentacji projektowej oraz prowadzenie spotka\u0144 koordynacyjnych, \u015bcis\u0142a wsp\u00f3\u0142praca z projektantami wiod\u0105cymi poszczeg\u00f3lnych bran\u017c<\/li>\n<li>Zarz\u0105dzanie zmianami w projekcie.<\/li>\n<li>Bezpo\u015brednia komunikacja z przedstawicielami inwestora, zgodnie z rol\u0105 powierzon\u0105 w danym projekcie.<\/li>\n<li>Zapewnienie realizacji prac projektowych w spos\u00f3b adekwatny do wymaga\u0144 procesu przetargowego oraz procesu realizacji budowy i za\u0142o\u017ce\u0144 bud\u017cetowych.<\/li>\n<li>Doprecyzowanie zakresu prac projektowych dla poszczeg\u00f3lnych bran\u017c, w tym tak\u017ce dla podwykonawc\u00f3w.<\/li>\n<li>Wk\u0142ad dla opracowania ca\u0142o\u015bciowego harmonogramu realizacji danego projektu.<\/li>\n<li>Dbanie o zgodno\u015b\u0107 dokumentacji projektowej z lokalnymi uregulowaniami prawymi, normami, standardami PM Group oraz wymaganiami klienta.<\/li>\n<li>Wsparcie procesu przygotowania ofert, w tym kalkulacja pracoch\u0142onno\u015bci projekt\u00f3w.<\/li>\n<li>W kooperacji z Kierownikiem Projektu oraz kierownikami poszczeg\u00f3lnych dzia\u0142\u00f3w \u2013 zapewnienie\u00a0efektywnego wykorzystania zespo\u0142u prjektowego w ramach danego projektu.<\/li>\n<li>Zapewnienie sp\u00f3jnego dzia\u0142ania w ramach projektu, zgodnego z przyj\u0119tymi w PM Group procedurami, systemem zarz\u0105dzania jako\u015bci\u0105 oraz z pe\u0142nym wykorzystaniem platform wymiany informacji przyj\u0119tych na projekcie.<\/li>\n<\/ul>\n<hr \/>\n<p style=\"text-align: justify;\"><strong>Kwalifikacje zawodowe:<\/strong><\/p>\n<ul>\n<li>Wykszta\u0142cenie wy\u017csze techniczne. Dodatkowe wykszta\u0142cenie podyplomowe w zakresie zarz\u0105dzania projektami b\u0119dzie atutem.<\/li>\n<li>10+ lat do\u015bwiadczenia zawodowego zdobytego strukturach wielobran\u017cowej firmy in\u017cynierskiej.<\/li>\n<li>Do\u015bwiadczenie w roli project managera, design managera, engineering managera, g\u0142\u00f3wnego projektanta lub innej roli obejmuj\u0105cej odpowiedzialno\u015b\u0107 za koordynacj\u0119 procesu projektowania w uj\u0119ciu wielobran\u017cowym.<\/li>\n<li>Rozbudowane do\u015bwiadczenie w realizacji projekt\u00f3w du\u017cych data centers, obejmuj\u0105cych etapy od koncepcji, poprzez projekty budowlane, przetargowe, a\u017c po projekty wykonawcze i faz\u0119 realizacji budowy.<\/li>\n<li>Rozbudowana wiedza obejmuj\u0105ca najnowsze rozwi\u0105zania techniczne stosowane przy budowie data centers m.in. w zakresie redundantnych system\u00f3w zasilania czy uk\u0142ad\u00f3w technologicznej wody ch\u0142odniczej dla tego typu obiekt\u00f3w.<\/li>\n<li>Mile widziane certyfikaty zwi\u0105zane z projektowaniem obiekt\u00f3w typu Data Centre (np.\u00a0Uptime Institute, EPI, CNET, IDCA czy DCD Academy).<\/li>\n<li>Do\u015bwiadczenie mi\u0119dzynarodowe b\u0119dzie istotnym atutem.<\/li>\n<li>Bardzo dobry angielski, poziom min. B2\/C1. Znajomo\u015b\u0107 j. niemieckiego b\u0119dzie dodatkowym atutem.<\/li>\n<li>Otwarto\u015b\u0107 na wyjazdy s\u0142u\u017cbowe i okresow\u0105 prac\u0119 w delegacji, zgodnie z oczekiwaniami klient\u00f3w i wymaganiami projektu.<\/li>\n<\/ul>\n<hr \/>\n<p style=\"text-align: justify;\"><strong>Oferujemy:<\/strong><\/p>\n<ul style=\"text-align: justify;\">\n<li>Atrakcyjne warunki w opraciu o kontrakt b2b lub umowa o prac\u0119.<\/li>\n<li>W przypadku umowy o prac\u0119 &#8211; szeroki pakiet benefit\u00f3w pozap\u0142acowych,<\/li>\n<li>Wsp\u00f3\u0142finansowanie karty sportowej.<\/li>\n<li>Prywatna opieka medyczna,<\/li>\n<li>Ubezpieczenie na \u017cycie<\/li>\n<li>Elastyczne godziny pracy<\/li>\n<li>Mo\u017cliwo\u015b\u0107 pracy hybrydowej \/ cz\u0119\u015bciowej pracy zdalnej,<\/li>\n<li>Szkolenia BIM dla projektant\u00f3w i in\u017cynier\u00f3w r\u00f3\u017cnych dyscyplin.<\/li>\n<li>Programy rozwojowe dedykowane r\u00f3\u017cnym grupom pracownik\u00f3w (np. absolwenci, managerowie \u015bredniego szczebla)<\/li>\n<li>Lekcje j\u0119zyk\u00f3w obcych.<\/li>\n<li>Program nabywania udzia\u0142\u00f3w firmy<\/li>\n<li>Pracowniczy Program Emerytalny<\/li>\n<li>Program polece\u0144 pracownik\u00f3w<\/li>\n<li>Program wsparcia pracownik\u00f3w<\/li>\n<\/ul>\n<hr \/>\n<p><img loading=\"lazy\" decoding=\"async\" class=\"alignnone size-full wp-image-3970\" src=\"https:\/\/jobtek.eu\/wp-content\/uploads\/2024\/11\/PM-Group.png\" alt=\"\" width=\"1920\" height=\"1280\" srcset=\"https:\/\/jobtek.eu\/wp-content\/uploads\/2024\/11\/PM-Group.png 1920w, https:\/\/jobtek.eu\/wp-content\/uploads\/2024\/11\/PM-Group-300x200.png 300w, https:\/\/jobtek.eu\/wp-content\/uploads\/2024\/11\/PM-Group-1024x683.png 1024w, https:\/\/jobtek.eu\/wp-content\/uploads\/2024\/11\/PM-Group-768x512.png 768w, https:\/\/jobtek.eu\/wp-content\/uploads\/2024\/11\/PM-Group-1536x1024.png 1536w, https:\/\/jobtek.eu\/wp-content\/uploads\/2024\/11\/PM-Group-600x400.png 600w, https:\/\/jobtek.eu\/wp-content\/uploads\/2024\/11\/PM-Group-1200x800.png 1200w\" sizes=\"auto, (max-width: 1920px) 100vw, 1920px\" \/><\/p>\n<p><strong>Prosimy o przes\u0142anie CV w j. angielskim. Skontaktujemy si\u0119 z wybranymi kandydatami.<\/strong><\/p>\n","protected":false},"excerpt":{"rendered":"<p>PM Group jest mi\u0119dzynarodow\u0105 firm\u0105 projektowo \u2013 in\u017cyniersk\u0105. Od niemal 50 lat na \u015bwiecie, a od 25 lat w Polsce \u015bwiadczymy us\u0142ugi wielobran\u017cowego projektowania, kompleksowego zarz\u0105dzania i nadzoru nad realizacj\u0105&#8230;<\/p>\n","protected":false},"author":177,"featured_media":0,"template":"","meta":{"_acf_changed":false,"_promoted":"","_company_name":"PM Group Polska Sp. z o.o.","_job_zagraniczne":"0","_company_website":"","_company_video":"","_remote_position":0,"_hide_expiration":"0","_job_salary":"","_job_salary_currency":"","_job_salary_unit":""},"job-categories":[37,80],"job-types":[2],"job_listing_tag":[517,896],"class_list":{"0":"post-4216","1":"job_listing","2":"type-job_listing","3":"status-expired","4":"hentry","5":"job_listing_category-budownictwo","6":"job_listing_category-data-center","7":"job_listing_type-umowa-o-prace","8":"work-model-praca-hybrydowa","9":"job_listing_tag-angielski-b2","10":"job_listing_tag-data-center","12":"job-type-umowa-o-prace"},"acf":[],"yoast_head":"<!-- This site is optimized with the Yoast SEO Premium plugin v25.5 (Yoast SEO v25.5) - https:\/\/yoast.com\/wordpress\/plugins\/seo\/ -->\n<title>Design Manager \/ Data Center Expert - Jobtek<\/title>\n<meta name=\"robots\" content=\"index, follow, max-snippet:-1, max-image-preview:large, max-video-preview:-1\" \/>\n<link rel=\"canonical\" href=\"https:\/\/jobtek.eu\/en\/?post_type=job_listing&p=4216\" \/>\n<meta property=\"og:locale\" content=\"en_US\" \/>\n<meta property=\"og:type\" content=\"article\" \/>\n<meta property=\"og:title\" content=\"Design Manager \/ Data Center Expert\" \/>\n<meta property=\"og:description\" content=\"PM Group jest mi\u0119dzynarodow\u0105 firm\u0105 projektowo \u2013 in\u017cyniersk\u0105. Od niemal 50 lat na \u015bwiecie, a od 25 lat w Polsce \u015bwiadczymy us\u0142ugi wielobran\u017cowego projektowania, kompleksowego zarz\u0105dzania i nadzoru nad realizacj\u0105...\" \/>\n<meta property=\"og:url\" content=\"https:\/\/jobtek.eu\/en\/?post_type=job_listing&amp;p=4216\" \/>\n<meta property=\"og:site_name\" content=\"Jobtek\" \/>\n<meta property=\"article:modified_time\" content=\"2025-11-24T09:44:41+00:00\" \/>\n<meta property=\"og:image\" content=\"https:\/\/jobtek.eu\/wp-content\/uploads\/2024\/11\/f4799248-c6ec-4321-956a-889927fe7ca5.png\" \/>\n<meta name=\"twitter:card\" content=\"summary_large_image\" \/>\n<meta name=\"twitter:label1\" content=\"Est. reading time\" \/>\n\t<meta name=\"twitter:data1\" content=\"5 minutes\" \/>\n<script type=\"application\/ld+json\" class=\"yoast-schema-graph\">{\"@context\":\"https:\/\/schema.org\",\"@graph\":[{\"@type\":\"WebPage\",\"@id\":\"https:\/\/jobtek.eu\/en\/?post_type=job_listing&p=4216\",\"url\":\"https:\/\/jobtek.eu\/en\/?post_type=job_listing&p=4216\",\"name\":\"Design Manager \/ Data Center Expert - Jobtek\",\"isPartOf\":{\"@id\":\"https:\/\/jobtek.eu\/en\/#website\"},\"primaryImageOfPage\":{\"@id\":\"https:\/\/jobtek.eu\/en\/?post_type=job_listing&p=4216#primaryimage\"},\"image\":{\"@id\":\"https:\/\/jobtek.eu\/en\/?post_type=job_listing&p=4216#primaryimage\"},\"thumbnailUrl\":\"https:\/\/jobtek.eu\/wp-content\/uploads\/2024\/11\/f4799248-c6ec-4321-956a-889927fe7ca5.png\",\"datePublished\":\"2025-06-24T22:30:29+00:00\",\"dateModified\":\"2025-11-24T09:44:41+00:00\",\"breadcrumb\":{\"@id\":\"https:\/\/jobtek.eu\/en\/?post_type=job_listing&p=4216#breadcrumb\"},\"inLanguage\":\"en-US\",\"potentialAction\":[{\"@type\":\"ReadAction\",\"target\":[\"https:\/\/jobtek.eu\/en\/?post_type=job_listing&p=4216\"]}]},{\"@type\":\"ImageObject\",\"inLanguage\":\"en-US\",\"@id\":\"https:\/\/jobtek.eu\/en\/?post_type=job_listing&p=4216#primaryimage\",\"url\":\"https:\/\/jobtek.eu\/wp-content\/uploads\/2024\/11\/f4799248-c6ec-4321-956a-889927fe7ca5.png\",\"contentUrl\":\"https:\/\/jobtek.eu\/wp-content\/uploads\/2024\/11\/f4799248-c6ec-4321-956a-889927fe7ca5.png\"},{\"@type\":\"BreadcrumbList\",\"@id\":\"https:\/\/jobtek.eu\/en\/?post_type=job_listing&p=4216#breadcrumb\",\"itemListElement\":[{\"@type\":\"ListItem\",\"position\":1,\"name\":\"Strona g\u0142\u00f3wna\",\"item\":\"https:\/\/jobtek.eu\/en\/\"},{\"@type\":\"ListItem\",\"position\":2,\"name\":\"Jobs\",\"item\":\"https:\/\/jobtek.eu\/en\/job-listings\/\"},{\"@type\":\"ListItem\",\"position\":3,\"name\":\"Design Manager \/ Data Center Expert\"}]},{\"@type\":\"WebSite\",\"@id\":\"https:\/\/jobtek.eu\/en\/#website\",\"url\":\"https:\/\/jobtek.eu\/en\/\",\"name\":\"Jobtek\",\"description\":\"\",\"publisher\":{\"@id\":\"https:\/\/jobtek.eu\/en\/#organization\"},\"potentialAction\":[{\"@type\":\"SearchAction\",\"target\":{\"@type\":\"EntryPoint\",\"urlTemplate\":\"https:\/\/jobtek.eu\/en\/?s={search_term_string}\"},\"query-input\":{\"@type\":\"PropertyValueSpecification\",\"valueRequired\":true,\"valueName\":\"search_term_string\"}}],\"inLanguage\":\"en-US\"},{\"@type\":\"Organization\",\"@id\":\"https:\/\/jobtek.eu\/en\/#organization\",\"name\":\"Jobtek\",\"url\":\"https:\/\/jobtek.eu\/en\/\",\"logo\":{\"@type\":\"ImageObject\",\"inLanguage\":\"en-US\",\"@id\":\"https:\/\/jobtek.eu\/en\/#\/schema\/logo\/image\/\",\"url\":\"https:\/\/jobtek.eu\/wp-content\/uploads\/2023\/06\/jobtek-fav.jpg\",\"contentUrl\":\"https:\/\/jobtek.eu\/wp-content\/uploads\/2023\/06\/jobtek-fav.jpg\",\"width\":512,\"height\":512,\"caption\":\"Jobtek\"},\"image\":{\"@id\":\"https:\/\/jobtek.eu\/en\/#\/schema\/logo\/image\/\"},\"sameAs\":[\"https:\/\/www.linkedin.com\/company\/jobtekpl\/\"]}]}<\/script>\n<!-- \/ Yoast SEO Premium plugin. -->","yoast_head_json":{"title":"Design Manager \/ Data Center Expert - Jobtek","robots":{"index":"index","follow":"follow","max-snippet":"max-snippet:-1","max-image-preview":"max-image-preview:large","max-video-preview":"max-video-preview:-1"},"canonical":"https:\/\/jobtek.eu\/en\/?post_type=job_listing&p=4216","og_locale":"en_US","og_type":"article","og_title":"Design Manager \/ Data Center Expert","og_description":"PM Group jest mi\u0119dzynarodow\u0105 firm\u0105 projektowo \u2013 in\u017cyniersk\u0105. Od niemal 50 lat na \u015bwiecie, a od 25 lat w Polsce \u015bwiadczymy us\u0142ugi wielobran\u017cowego projektowania, kompleksowego zarz\u0105dzania i nadzoru nad realizacj\u0105...","og_url":"https:\/\/jobtek.eu\/en\/?post_type=job_listing&p=4216","og_site_name":"Jobtek","article_modified_time":"2025-11-24T09:44:41+00:00","og_image":[{"url":"https:\/\/jobtek.eu\/wp-content\/uploads\/2024\/11\/f4799248-c6ec-4321-956a-889927fe7ca5.png","type":"","width":"","height":""}],"twitter_card":"summary_large_image","twitter_misc":{"Est. reading time":"5 minutes"},"schema":{"@context":"https:\/\/schema.org","@graph":[{"@type":"WebPage","@id":"https:\/\/jobtek.eu\/en\/?post_type=job_listing&p=4216","url":"https:\/\/jobtek.eu\/en\/?post_type=job_listing&p=4216","name":"Design Manager \/ Data Center Expert - Jobtek","isPartOf":{"@id":"https:\/\/jobtek.eu\/en\/#website"},"primaryImageOfPage":{"@id":"https:\/\/jobtek.eu\/en\/?post_type=job_listing&p=4216#primaryimage"},"image":{"@id":"https:\/\/jobtek.eu\/en\/?post_type=job_listing&p=4216#primaryimage"},"thumbnailUrl":"https:\/\/jobtek.eu\/wp-content\/uploads\/2024\/11\/f4799248-c6ec-4321-956a-889927fe7ca5.png","datePublished":"2025-06-24T22:30:29+00:00","dateModified":"2025-11-24T09:44:41+00:00","breadcrumb":{"@id":"https:\/\/jobtek.eu\/en\/?post_type=job_listing&p=4216#breadcrumb"},"inLanguage":"en-US","potentialAction":[{"@type":"ReadAction","target":["https:\/\/jobtek.eu\/en\/?post_type=job_listing&p=4216"]}]},{"@type":"ImageObject","inLanguage":"en-US","@id":"https:\/\/jobtek.eu\/en\/?post_type=job_listing&p=4216#primaryimage","url":"https:\/\/jobtek.eu\/wp-content\/uploads\/2024\/11\/f4799248-c6ec-4321-956a-889927fe7ca5.png","contentUrl":"https:\/\/jobtek.eu\/wp-content\/uploads\/2024\/11\/f4799248-c6ec-4321-956a-889927fe7ca5.png"},{"@type":"BreadcrumbList","@id":"https:\/\/jobtek.eu\/en\/?post_type=job_listing&p=4216#breadcrumb","itemListElement":[{"@type":"ListItem","position":1,"name":"Strona g\u0142\u00f3wna","item":"https:\/\/jobtek.eu\/en\/"},{"@type":"ListItem","position":2,"name":"Jobs","item":"https:\/\/jobtek.eu\/en\/job-listings\/"},{"@type":"ListItem","position":3,"name":"Design Manager \/ Data Center Expert"}]},{"@type":"WebSite","@id":"https:\/\/jobtek.eu\/en\/#website","url":"https:\/\/jobtek.eu\/en\/","name":"Jobtek","description":"","publisher":{"@id":"https:\/\/jobtek.eu\/en\/#organization"},"potentialAction":[{"@type":"SearchAction","target":{"@type":"EntryPoint","urlTemplate":"https:\/\/jobtek.eu\/en\/?s={search_term_string}"},"query-input":{"@type":"PropertyValueSpecification","valueRequired":true,"valueName":"search_term_string"}}],"inLanguage":"en-US"},{"@type":"Organization","@id":"https:\/\/jobtek.eu\/en\/#organization","name":"Jobtek","url":"https:\/\/jobtek.eu\/en\/","logo":{"@type":"ImageObject","inLanguage":"en-US","@id":"https:\/\/jobtek.eu\/en\/#\/schema\/logo\/image\/","url":"https:\/\/jobtek.eu\/wp-content\/uploads\/2023\/06\/jobtek-fav.jpg","contentUrl":"https:\/\/jobtek.eu\/wp-content\/uploads\/2023\/06\/jobtek-fav.jpg","width":512,"height":512,"caption":"Jobtek"},"image":{"@id":"https:\/\/jobtek.eu\/en\/#\/schema\/logo\/image\/"},"sameAs":["https:\/\/www.linkedin.com\/company\/jobtekpl\/"]}]}},"_links":{"self":[{"href":"https:\/\/jobtek.eu\/en\/wp-json\/wp\/v2\/job-listings\/4216","targetHints":{"allow":["GET"]}}],"collection":[{"href":"https:\/\/jobtek.eu\/en\/wp-json\/wp\/v2\/job-listings"}],"about":[{"href":"https:\/\/jobtek.eu\/en\/wp-json\/wp\/v2\/types\/job_listing"}],"author":[{"embeddable":true,"href":"https:\/\/jobtek.eu\/en\/wp-json\/wp\/v2\/users\/177"}],"wp:attachment":[{"href":"https:\/\/jobtek.eu\/en\/wp-json\/wp\/v2\/media?parent=4216"}],"wp:term":[{"taxonomy":"job_listing_category","embeddable":true,"href":"https:\/\/jobtek.eu\/en\/wp-json\/wp\/v2\/job-categories?post=4216"},{"taxonomy":"job_listing_type","embeddable":true,"href":"https:\/\/jobtek.eu\/en\/wp-json\/wp\/v2\/job-types?post=4216"},{"taxonomy":"job_listing_tag","embeddable":true,"href":"https:\/\/jobtek.eu\/en\/wp-json\/wp\/v2\/job_listing_tag?post=4216"}],"curies":[{"name":"wp","href":"https:\/\/api.w.org\/{rel}","templated":true}]}}