{"id":4965,"date":"2025-05-27T00:30:15","date_gmt":"2025-05-06T07:54:12","guid":{"rendered":"https:\/\/jobtek.eu\/?post_type=job_listing&#038;p=4965"},"modified":"2025-06-06T00:00:01","modified_gmt":"2025-06-05T22:00:01","slug":"globetek-koordynator-ds-ppoz-plock-poland","status":"expired","type":"job_listing","link":"https:\/\/jobtek.eu\/en\/?post_type=job_listing&p=4965","title":{"rendered":"Koordynator ds. PPO\u017b"},"content":{"rendered":"<p><img loading=\"lazy\" decoding=\"async\" class=\"aligncenter size-full wp-image-3598\" src=\"https:\/\/jobtek.eu\/wp-content\/uploads\/2024\/10\/Kopia-\u2013-Kopia-\u2013-Projekt-bez-nazwy-3.png\" alt=\"\" width=\"1920\" height=\"640\" srcset=\"https:\/\/jobtek.eu\/wp-content\/uploads\/2024\/10\/Kopia-\u2013-Kopia-\u2013-Projekt-bez-nazwy-3.png 1920w, https:\/\/jobtek.eu\/wp-content\/uploads\/2024\/10\/Kopia-\u2013-Kopia-\u2013-Projekt-bez-nazwy-3-300x100.png 300w, https:\/\/jobtek.eu\/wp-content\/uploads\/2024\/10\/Kopia-\u2013-Kopia-\u2013-Projekt-bez-nazwy-3-1024x341.png 1024w, https:\/\/jobtek.eu\/wp-content\/uploads\/2024\/10\/Kopia-\u2013-Kopia-\u2013-Projekt-bez-nazwy-3-768x256.png 768w, https:\/\/jobtek.eu\/wp-content\/uploads\/2024\/10\/Kopia-\u2013-Kopia-\u2013-Projekt-bez-nazwy-3-1536x512.png 1536w, https:\/\/jobtek.eu\/wp-content\/uploads\/2024\/10\/Kopia-\u2013-Kopia-\u2013-Projekt-bez-nazwy-3-600x200.png 600w, https:\/\/jobtek.eu\/wp-content\/uploads\/2024\/10\/Kopia-\u2013-Kopia-\u2013-Projekt-bez-nazwy-3-1200x400.png 1200w\" sizes=\"auto, (max-width: 1920px) 100vw, 1920px\" \/><\/p>\n<p>Do realizacji du\u017cego projektu przemys\u0142owego w formule EPC poszukujemy osoby na stanowisko <strong>Koordynatora ds. PPO\u017b<\/strong> do nadzoru prac zwi\u0105zanych z zabezpieczeniami przeciwpo\u017carowymi.<\/p>\n<p><strong>Zakres\u00a0obowi\u0105zk\u00f3w:<\/strong><\/p>\n<ul>\n<li>Koordynacja\u00a0instalacji\u00a0i\u00a0test\u00f3w\u00a0system\u00f3w\u00a0ppo\u017c.\u00a0(instalacje\u00a0sta\u0142e,\u00a0tryskaczowe,\u00a0detekcja);<\/li>\n<li>Wsp\u00f3\u0142praca\u00a0z\u00a0projektantem\u00a0oraz\u00a0s\u0142u\u017cbami\u00a0ppo\u017c.;<\/li>\n<li>Nadz\u00f3r\u00a0nad\u00a0zgodno\u015bci\u0105\u00a0prac\u00a0z\u00a0dokumentacj\u0105\u00a0oraz\u00a0wymaganiami\u00a0normatywnymi;<\/li>\n<li>Udzia\u0142\u00a0w\u00a0odbiorach\u00a0ko\u0144cowych\u00a0system\u00f3w.<\/li>\n<\/ul>\n<p><strong>Wymagania:<\/strong><\/p>\n<ul>\n<li>Do\u015bwiadczenie\u00a0w\u00a0nadzorze\u00a0nad\u00a0instalacjami\u00a0i\u00a0systemami\u00a0PPO\u017b\u00a0na\u00a0budowach\u00a0przemys\u0142owych;<\/li>\n<li>Znajomo\u015b\u0107\u00a0przepis\u00f3w\u00a0przeciwpo\u017carowych\u00a0oraz\u00a0wytycznych\u00a0CNBOP;<\/li>\n<li>Umiej\u0119tno\u015b\u0107\u00a0czytania\u00a0dokumentacji\u00a0technicznej;<\/li>\n<li>Mile\u00a0widziane\u00a0uprawnienia\u00a0inspektora\u00a0ochrony\u00a0przeciwpo\u017carowej<\/li>\n<li>Bardzo\u00a0dobra\u00a0znajomo\u015b\u0107\u00a0j.\u00a0angielskiego<\/li>\n<\/ul>\n<p><img loading=\"lazy\" decoding=\"async\" class=\"aligncenter size-full wp-image-4321\" src=\"https:\/\/jobtek.eu\/wp-content\/uploads\/2023\/11\/Zrzut-ekranu-2025-02-4-o-18.03.47.png\" alt=\"\" width=\"2722\" height=\"1504\" srcset=\"https:\/\/jobtek.eu\/wp-content\/uploads\/2023\/11\/Zrzut-ekranu-2025-02-4-o-18.03.47.png 2722w, https:\/\/jobtek.eu\/wp-content\/uploads\/2023\/11\/Zrzut-ekranu-2025-02-4-o-18.03.47-300x166.png 300w, https:\/\/jobtek.eu\/wp-content\/uploads\/2023\/11\/Zrzut-ekranu-2025-02-4-o-18.03.47-1024x566.png 1024w, https:\/\/jobtek.eu\/wp-content\/uploads\/2023\/11\/Zrzut-ekranu-2025-02-4-o-18.03.47-768x424.png 768w, https:\/\/jobtek.eu\/wp-content\/uploads\/2023\/11\/Zrzut-ekranu-2025-02-4-o-18.03.47-1536x849.png 1536w, https:\/\/jobtek.eu\/wp-content\/uploads\/2023\/11\/Zrzut-ekranu-2025-02-4-o-18.03.47-2048x1132.png 2048w, https:\/\/jobtek.eu\/wp-content\/uploads\/2023\/11\/Zrzut-ekranu-2025-02-4-o-18.03.47-600x332.png 600w, https:\/\/jobtek.eu\/wp-content\/uploads\/2023\/11\/Zrzut-ekranu-2025-02-4-o-18.03.47-1200x663.png 1200w\" sizes=\"auto, (max-width: 2722px) 100vw, 2722px\" \/><img loading=\"lazy\" decoding=\"async\" class=\"aligncenter size-full wp-image-4331\" src=\"https:\/\/jobtek.eu\/wp-content\/uploads\/2023\/11\/Zrzut-ekranu-2025-02-4-o-22.33.11.png\" alt=\"\" width=\"2874\" height=\"854\" srcset=\"https:\/\/jobtek.eu\/wp-content\/uploads\/2023\/11\/Zrzut-ekranu-2025-02-4-o-22.33.11.png 2874w, https:\/\/jobtek.eu\/wp-content\/uploads\/2023\/11\/Zrzut-ekranu-2025-02-4-o-22.33.11-300x89.png 300w, https:\/\/jobtek.eu\/wp-content\/uploads\/2023\/11\/Zrzut-ekranu-2025-02-4-o-22.33.11-1024x304.png 1024w, https:\/\/jobtek.eu\/wp-content\/uploads\/2023\/11\/Zrzut-ekranu-2025-02-4-o-22.33.11-768x228.png 768w, https:\/\/jobtek.eu\/wp-content\/uploads\/2023\/11\/Zrzut-ekranu-2025-02-4-o-22.33.11-1536x456.png 1536w, https:\/\/jobtek.eu\/wp-content\/uploads\/2023\/11\/Zrzut-ekranu-2025-02-4-o-22.33.11-2048x609.png 2048w, https:\/\/jobtek.eu\/wp-content\/uploads\/2023\/11\/Zrzut-ekranu-2025-02-4-o-22.33.11-600x178.png 600w, https:\/\/jobtek.eu\/wp-content\/uploads\/2023\/11\/Zrzut-ekranu-2025-02-4-o-22.33.11-1200x357.png 1200w\" sizes=\"auto, (max-width: 2874px) 100vw, 2874px\" \/><img loading=\"lazy\" decoding=\"async\" class=\"aligncenter size-full wp-image-4319\" src=\"https:\/\/jobtek.eu\/wp-content\/uploads\/2023\/11\/Zrzut-ekranu-2025-02-4-o-18.00.42.png\" alt=\"\" width=\"2716\" height=\"1450\" srcset=\"https:\/\/jobtek.eu\/wp-content\/uploads\/2023\/11\/Zrzut-ekranu-2025-02-4-o-18.00.42.png 2716w, https:\/\/jobtek.eu\/wp-content\/uploads\/2023\/11\/Zrzut-ekranu-2025-02-4-o-18.00.42-300x160.png 300w, https:\/\/jobtek.eu\/wp-content\/uploads\/2023\/11\/Zrzut-ekranu-2025-02-4-o-18.00.42-1024x547.png 1024w, https:\/\/jobtek.eu\/wp-content\/uploads\/2023\/11\/Zrzut-ekranu-2025-02-4-o-18.00.42-768x410.png 768w, https:\/\/jobtek.eu\/wp-content\/uploads\/2023\/11\/Zrzut-ekranu-2025-02-4-o-18.00.42-1536x820.png 1536w, https:\/\/jobtek.eu\/wp-content\/uploads\/2023\/11\/Zrzut-ekranu-2025-02-4-o-18.00.42-2048x1093.png 2048w, https:\/\/jobtek.eu\/wp-content\/uploads\/2023\/11\/Zrzut-ekranu-2025-02-4-o-18.00.42-600x320.png 600w, https:\/\/jobtek.eu\/wp-content\/uploads\/2023\/11\/Zrzut-ekranu-2025-02-4-o-18.00.42-1200x641.png 1200w\" sizes=\"auto, (max-width: 2716px) 100vw, 2716px\" \/><\/p>\n","protected":false},"excerpt":{"rendered":"<p>Do realizacji du\u017cego projektu przemys\u0142owego w formule EPC poszukujemy osoby na stanowisko Koordynatora ds. PPO\u017b do nadzoru prac zwi\u0105zanych z zabezpieczeniami przeciwpo\u017carowymi. Zakres\u00a0obowi\u0105zk\u00f3w: Koordynacja\u00a0instalacji\u00a0i\u00a0test\u00f3w\u00a0system\u00f3w\u00a0ppo\u017c.\u00a0(instalacje\u00a0sta\u0142e,\u00a0tryskaczowe,\u00a0detekcja); Wsp\u00f3\u0142praca\u00a0z\u00a0projektantem\u00a0oraz\u00a0s\u0142u\u017cbami\u00a0ppo\u017c.; Nadz\u00f3r\u00a0nad\u00a0zgodno\u015bci\u0105\u00a0prac\u00a0z\u00a0dokumentacj\u0105\u00a0oraz\u00a0wymaganiami\u00a0normatywnymi; Udzia\u0142\u00a0w\u00a0odbiorach\u00a0ko\u0144cowych\u00a0system\u00f3w. Wymagania: Do\u015bwiadczenie\u00a0w\u00a0nadzorze\u00a0nad\u00a0instalacjami\u00a0i\u00a0systemami\u00a0PPO\u017b\u00a0na\u00a0budowach\u00a0przemys\u0142owych; Znajomo\u015b\u0107\u00a0przepis\u00f3w\u00a0przeciwpo\u017carowych\u00a0oraz\u00a0wytycznych\u00a0CNBOP;&#8230;<\/p>\n","protected":false},"author":246,"featured_media":0,"template":"","meta":{"_acf_changed":false,"_promoted":"","_company_name":"","_job_zagraniczne":"0","_company_website":"","_company_video":"","_remote_position":0,"_hide_expiration":"0","_job_salary":"","_job_salary_currency":"","_job_salary_unit":""},"job-categories":[34,146],"job-types":[5],"job_listing_tag":[430,517,1130],"class_list":{"0":"post-4965","1":"job_listing","2":"type-job_listing","3":"status-expired","4":"hentry","5":"job_listing_category-oil-gas","6":"job_listing_category-inne-oil-gas","7":"job_listing_type-kontrakt","8":"job_listing_tag-epc","9":"job_listing_tag-angielski-b2","10":"job_listing_tag-inspektor-ppoz","12":"job-type-kontrakt"},"acf":[],"yoast_head":"<!-- This site is optimized with the Yoast SEO Premium plugin v25.5 (Yoast SEO v25.5) - https:\/\/yoast.com\/wordpress\/plugins\/seo\/ -->\n<title>Koordynator ds. PPO\u017b - Jobtek<\/title>\n<meta name=\"robots\" content=\"index, follow, max-snippet:-1, max-image-preview:large, max-video-preview:-1\" \/>\n<link rel=\"canonical\" href=\"https:\/\/jobtek.eu\/en\/?post_type=job_listing&p=4965\" \/>\n<meta property=\"og:locale\" content=\"en_US\" \/>\n<meta property=\"og:type\" content=\"article\" \/>\n<meta property=\"og:title\" content=\"Koordynator ds. PPO\u017b\" \/>\n<meta property=\"og:description\" content=\"Do realizacji du\u017cego projektu przemys\u0142owego w formule EPC poszukujemy osoby na stanowisko Koordynatora ds. PPO\u017b do nadzoru prac zwi\u0105zanych z zabezpieczeniami przeciwpo\u017carowymi. Zakres\u00a0obowi\u0105zk\u00f3w: Koordynacja\u00a0instalacji\u00a0i\u00a0test\u00f3w\u00a0system\u00f3w\u00a0ppo\u017c.\u00a0(instalacje\u00a0sta\u0142e,\u00a0tryskaczowe,\u00a0detekcja); Wsp\u00f3\u0142praca\u00a0z\u00a0projektantem\u00a0oraz\u00a0s\u0142u\u017cbami\u00a0ppo\u017c.; Nadz\u00f3r\u00a0nad\u00a0zgodno\u015bci\u0105\u00a0prac\u00a0z\u00a0dokumentacj\u0105\u00a0oraz\u00a0wymaganiami\u00a0normatywnymi; Udzia\u0142\u00a0w\u00a0odbiorach\u00a0ko\u0144cowych\u00a0system\u00f3w. Wymagania: Do\u015bwiadczenie\u00a0w\u00a0nadzorze\u00a0nad\u00a0instalacjami\u00a0i\u00a0systemami\u00a0PPO\u017b\u00a0na\u00a0budowach\u00a0przemys\u0142owych; Znajomo\u015b\u0107\u00a0przepis\u00f3w\u00a0przeciwpo\u017carowych\u00a0oraz\u00a0wytycznych\u00a0CNBOP;...\" \/>\n<meta property=\"og:url\" content=\"https:\/\/jobtek.eu\/en\/?post_type=job_listing&amp;p=4965\" \/>\n<meta property=\"og:site_name\" content=\"Jobtek\" \/>\n<meta property=\"article:modified_time\" content=\"2025-06-05T22:00:01+00:00\" \/>\n<meta property=\"og:image\" content=\"https:\/\/jobtek.eu\/wp-content\/uploads\/2023\/11\/Zrzut-ekranu-2025-02-4-o-18.03.47.png\" \/>\n<meta name=\"twitter:card\" content=\"summary_large_image\" \/>\n<meta name=\"twitter:label1\" content=\"Est. reading time\" \/>\n\t<meta name=\"twitter:data1\" content=\"2 minutes\" \/>\n<script type=\"application\/ld+json\" class=\"yoast-schema-graph\">{\"@context\":\"https:\/\/schema.org\",\"@graph\":[{\"@type\":\"WebPage\",\"@id\":\"https:\/\/jobtek.eu\/en\/?post_type=job_listing&p=4965\",\"url\":\"https:\/\/jobtek.eu\/en\/?post_type=job_listing&p=4965\",\"name\":\"Koordynator ds. PPO\u017b - Jobtek\",\"isPartOf\":{\"@id\":\"https:\/\/jobtek.eu\/en\/#website\"},\"primaryImageOfPage\":{\"@id\":\"https:\/\/jobtek.eu\/en\/?post_type=job_listing&p=4965#primaryimage\"},\"image\":{\"@id\":\"https:\/\/jobtek.eu\/en\/?post_type=job_listing&p=4965#primaryimage\"},\"thumbnailUrl\":\"https:\/\/jobtek.eu\/wp-content\/uploads\/2023\/11\/Zrzut-ekranu-2025-02-4-o-18.03.47.png\",\"datePublished\":\"2025-05-06T07:54:12+00:00\",\"dateModified\":\"2025-06-05T22:00:01+00:00\",\"breadcrumb\":{\"@id\":\"https:\/\/jobtek.eu\/en\/?post_type=job_listing&p=4965#breadcrumb\"},\"inLanguage\":\"en-US\",\"potentialAction\":[{\"@type\":\"ReadAction\",\"target\":[\"https:\/\/jobtek.eu\/en\/?post_type=job_listing&p=4965\"]}]},{\"@type\":\"ImageObject\",\"inLanguage\":\"en-US\",\"@id\":\"https:\/\/jobtek.eu\/en\/?post_type=job_listing&p=4965#primaryimage\",\"url\":\"https:\/\/jobtek.eu\/wp-content\/uploads\/2023\/11\/Zrzut-ekranu-2025-02-4-o-18.03.47.png\",\"contentUrl\":\"https:\/\/jobtek.eu\/wp-content\/uploads\/2023\/11\/Zrzut-ekranu-2025-02-4-o-18.03.47.png\"},{\"@type\":\"BreadcrumbList\",\"@id\":\"https:\/\/jobtek.eu\/en\/?post_type=job_listing&p=4965#breadcrumb\",\"itemListElement\":[{\"@type\":\"ListItem\",\"position\":1,\"name\":\"Strona g\u0142\u00f3wna\",\"item\":\"https:\/\/jobtek.eu\/en\/\"},{\"@type\":\"ListItem\",\"position\":2,\"name\":\"Jobs\",\"item\":\"https:\/\/jobtek.eu\/en\/job-listings\/\"},{\"@type\":\"ListItem\",\"position\":3,\"name\":\"Koordynator ds. PPO\u017b\"}]},{\"@type\":\"WebSite\",\"@id\":\"https:\/\/jobtek.eu\/en\/#website\",\"url\":\"https:\/\/jobtek.eu\/en\/\",\"name\":\"Jobtek\",\"description\":\"\",\"publisher\":{\"@id\":\"https:\/\/jobtek.eu\/en\/#organization\"},\"potentialAction\":[{\"@type\":\"SearchAction\",\"target\":{\"@type\":\"EntryPoint\",\"urlTemplate\":\"https:\/\/jobtek.eu\/en\/?s={search_term_string}\"},\"query-input\":{\"@type\":\"PropertyValueSpecification\",\"valueRequired\":true,\"valueName\":\"search_term_string\"}}],\"inLanguage\":\"en-US\"},{\"@type\":\"Organization\",\"@id\":\"https:\/\/jobtek.eu\/en\/#organization\",\"name\":\"Jobtek\",\"url\":\"https:\/\/jobtek.eu\/en\/\",\"logo\":{\"@type\":\"ImageObject\",\"inLanguage\":\"en-US\",\"@id\":\"https:\/\/jobtek.eu\/en\/#\/schema\/logo\/image\/\",\"url\":\"https:\/\/jobtek.eu\/wp-content\/uploads\/2023\/06\/jobtek-fav.jpg\",\"contentUrl\":\"https:\/\/jobtek.eu\/wp-content\/uploads\/2023\/06\/jobtek-fav.jpg\",\"width\":512,\"height\":512,\"caption\":\"Jobtek\"},\"image\":{\"@id\":\"https:\/\/jobtek.eu\/en\/#\/schema\/logo\/image\/\"},\"sameAs\":[\"https:\/\/www.linkedin.com\/company\/jobtekpl\/\"]}]}<\/script>\n<!-- \/ Yoast SEO Premium plugin. -->","yoast_head_json":{"title":"Koordynator ds. PPO\u017b - Jobtek","robots":{"index":"index","follow":"follow","max-snippet":"max-snippet:-1","max-image-preview":"max-image-preview:large","max-video-preview":"max-video-preview:-1"},"canonical":"https:\/\/jobtek.eu\/en\/?post_type=job_listing&p=4965","og_locale":"en_US","og_type":"article","og_title":"Koordynator ds. PPO\u017b","og_description":"Do realizacji du\u017cego projektu przemys\u0142owego w formule EPC poszukujemy osoby na stanowisko Koordynatora ds. PPO\u017b do nadzoru prac zwi\u0105zanych z zabezpieczeniami przeciwpo\u017carowymi. Zakres\u00a0obowi\u0105zk\u00f3w: Koordynacja\u00a0instalacji\u00a0i\u00a0test\u00f3w\u00a0system\u00f3w\u00a0ppo\u017c.\u00a0(instalacje\u00a0sta\u0142e,\u00a0tryskaczowe,\u00a0detekcja); Wsp\u00f3\u0142praca\u00a0z\u00a0projektantem\u00a0oraz\u00a0s\u0142u\u017cbami\u00a0ppo\u017c.; Nadz\u00f3r\u00a0nad\u00a0zgodno\u015bci\u0105\u00a0prac\u00a0z\u00a0dokumentacj\u0105\u00a0oraz\u00a0wymaganiami\u00a0normatywnymi; Udzia\u0142\u00a0w\u00a0odbiorach\u00a0ko\u0144cowych\u00a0system\u00f3w. Wymagania: Do\u015bwiadczenie\u00a0w\u00a0nadzorze\u00a0nad\u00a0instalacjami\u00a0i\u00a0systemami\u00a0PPO\u017b\u00a0na\u00a0budowach\u00a0przemys\u0142owych; Znajomo\u015b\u0107\u00a0przepis\u00f3w\u00a0przeciwpo\u017carowych\u00a0oraz\u00a0wytycznych\u00a0CNBOP;...","og_url":"https:\/\/jobtek.eu\/en\/?post_type=job_listing&p=4965","og_site_name":"Jobtek","article_modified_time":"2025-06-05T22:00:01+00:00","og_image":[{"url":"https:\/\/jobtek.eu\/wp-content\/uploads\/2023\/11\/Zrzut-ekranu-2025-02-4-o-18.03.47.png","type":"","width":"","height":""}],"twitter_card":"summary_large_image","twitter_misc":{"Est. reading time":"2 minutes"},"schema":{"@context":"https:\/\/schema.org","@graph":[{"@type":"WebPage","@id":"https:\/\/jobtek.eu\/en\/?post_type=job_listing&p=4965","url":"https:\/\/jobtek.eu\/en\/?post_type=job_listing&p=4965","name":"Koordynator ds. PPO\u017b - Jobtek","isPartOf":{"@id":"https:\/\/jobtek.eu\/en\/#website"},"primaryImageOfPage":{"@id":"https:\/\/jobtek.eu\/en\/?post_type=job_listing&p=4965#primaryimage"},"image":{"@id":"https:\/\/jobtek.eu\/en\/?post_type=job_listing&p=4965#primaryimage"},"thumbnailUrl":"https:\/\/jobtek.eu\/wp-content\/uploads\/2023\/11\/Zrzut-ekranu-2025-02-4-o-18.03.47.png","datePublished":"2025-05-06T07:54:12+00:00","dateModified":"2025-06-05T22:00:01+00:00","breadcrumb":{"@id":"https:\/\/jobtek.eu\/en\/?post_type=job_listing&p=4965#breadcrumb"},"inLanguage":"en-US","potentialAction":[{"@type":"ReadAction","target":["https:\/\/jobtek.eu\/en\/?post_type=job_listing&p=4965"]}]},{"@type":"ImageObject","inLanguage":"en-US","@id":"https:\/\/jobtek.eu\/en\/?post_type=job_listing&p=4965#primaryimage","url":"https:\/\/jobtek.eu\/wp-content\/uploads\/2023\/11\/Zrzut-ekranu-2025-02-4-o-18.03.47.png","contentUrl":"https:\/\/jobtek.eu\/wp-content\/uploads\/2023\/11\/Zrzut-ekranu-2025-02-4-o-18.03.47.png"},{"@type":"BreadcrumbList","@id":"https:\/\/jobtek.eu\/en\/?post_type=job_listing&p=4965#breadcrumb","itemListElement":[{"@type":"ListItem","position":1,"name":"Strona g\u0142\u00f3wna","item":"https:\/\/jobtek.eu\/en\/"},{"@type":"ListItem","position":2,"name":"Jobs","item":"https:\/\/jobtek.eu\/en\/job-listings\/"},{"@type":"ListItem","position":3,"name":"Koordynator ds. PPO\u017b"}]},{"@type":"WebSite","@id":"https:\/\/jobtek.eu\/en\/#website","url":"https:\/\/jobtek.eu\/en\/","name":"Jobtek","description":"","publisher":{"@id":"https:\/\/jobtek.eu\/en\/#organization"},"potentialAction":[{"@type":"SearchAction","target":{"@type":"EntryPoint","urlTemplate":"https:\/\/jobtek.eu\/en\/?s={search_term_string}"},"query-input":{"@type":"PropertyValueSpecification","valueRequired":true,"valueName":"search_term_string"}}],"inLanguage":"en-US"},{"@type":"Organization","@id":"https:\/\/jobtek.eu\/en\/#organization","name":"Jobtek","url":"https:\/\/jobtek.eu\/en\/","logo":{"@type":"ImageObject","inLanguage":"en-US","@id":"https:\/\/jobtek.eu\/en\/#\/schema\/logo\/image\/","url":"https:\/\/jobtek.eu\/wp-content\/uploads\/2023\/06\/jobtek-fav.jpg","contentUrl":"https:\/\/jobtek.eu\/wp-content\/uploads\/2023\/06\/jobtek-fav.jpg","width":512,"height":512,"caption":"Jobtek"},"image":{"@id":"https:\/\/jobtek.eu\/en\/#\/schema\/logo\/image\/"},"sameAs":["https:\/\/www.linkedin.com\/company\/jobtekpl\/"]}]}},"_links":{"self":[{"href":"https:\/\/jobtek.eu\/en\/wp-json\/wp\/v2\/job-listings\/4965","targetHints":{"allow":["GET"]}}],"collection":[{"href":"https:\/\/jobtek.eu\/en\/wp-json\/wp\/v2\/job-listings"}],"about":[{"href":"https:\/\/jobtek.eu\/en\/wp-json\/wp\/v2\/types\/job_listing"}],"author":[{"embeddable":true,"href":"https:\/\/jobtek.eu\/en\/wp-json\/wp\/v2\/users\/246"}],"wp:attachment":[{"href":"https:\/\/jobtek.eu\/en\/wp-json\/wp\/v2\/media?parent=4965"}],"wp:term":[{"taxonomy":"job_listing_category","embeddable":true,"href":"https:\/\/jobtek.eu\/en\/wp-json\/wp\/v2\/job-categories?post=4965"},{"taxonomy":"job_listing_type","embeddable":true,"href":"https:\/\/jobtek.eu\/en\/wp-json\/wp\/v2\/job-types?post=4965"},{"taxonomy":"job_listing_tag","embeddable":true,"href":"https:\/\/jobtek.eu\/en\/wp-json\/wp\/v2\/job_listing_tag?post=4965"}],"curies":[{"name":"wp","href":"https:\/\/api.w.org\/{rel}","templated":true}]}}