{"id":7172,"date":"2025-12-29T00:32:27","date_gmt":"2025-09-05T09:38:35","guid":{"rendered":"https:\/\/jobtek.eu\/stanowisko\/projektant-branzy-torowej\/"},"modified":"2026-01-21T11:29:59","modified_gmt":"2026-01-21T10:29:59","slug":"sweco-polska-projektant-branzy-torowej-wroclaw-polska","status":"expired","type":"job_listing","link":"https:\/\/jobtek.eu\/en\/?post_type=job_listing&p=7172","title":{"rendered":"Projektant bran\u017cy torowej"},"content":{"rendered":"<p><span style=\"font-size: 12pt;\" data-olk-copy-source=\"MessageBody\">Rail Baltica to ambitny projekt infrastruktury kolejowej, maj\u0105cy na celu integracj\u0119 pa\u0144stw ba\u0142tyckich z europejsk\u0105 sieci\u0105 kolejow\u0105. Projekt przewiduje po\u0142\u0105czenie pi\u0119ciu kraj\u00f3w UE: Polski, Litwy, \u0141otwy, Estonii oraz po\u015brednio Finlandii. Trasa ma \u0142\u0105cznie 870 km d\u0142ugo\u015bci i b\u0119dzie zbudowana na torach o europejskim standardzie (1435 mm). Poci\u0105gi pasa\u017cerskie b\u0119d\u0105 mog\u0142y osi\u0105ga\u0107 maksymaln\u0105 pr\u0119dko\u015b\u0107 249 km\/h, natomiast transport towarowy b\u0119dzie porusza\u0142 si\u0119 z pr\u0119dko\u015bci\u0105 do 120 km\/h.<\/span><\/p>\n<p><span style=\"font-size: 12pt;\">W ramach tego przedsi\u0119wzi\u0119cia, nasza praca skoncentruje si\u0119 na odcinku od Tallina (\u00dclemiste) do P\u00e4rnu na terenie Estonii, gdzie zajmiemy si\u0119 kompleksowym projektowaniem i budow\u0105 infrastruktury, realizuj\u0105c zadania w formie zintegrowanego zarz\u0105dzania projektem.<\/span><\/p>\n<p><strong><span style=\"font-size: 12pt;\">Zakres obowi\u0105zk\u00f3w:<\/span><\/strong><\/p>\n<ul>\n<li><span style=\"font-size: 12pt;\">Udzia\u0142 w realizacji powierzonych projekt\u00f3w w zakresie projektowania oraz przygotowywania dokumentacji;<\/span><\/li>\n<li><span style=\"font-size: 12pt;\">Weryfikacja dokumentacji projektowej pod wzgl\u0119dem technicznym, zgodno\u015bci z przepisami i normami;<\/span><\/li>\n<li><span style=\"font-size: 12pt;\">Sporz\u0105dzanie przedmiar\u00f3w i kosztorys\u00f3w bran\u017cowych;\u00a0<\/span><\/li>\n<li><span style=\"font-size: 12pt;\">Wsp\u00f3\u0142praca z projektantami innych bran\u017c;\u00a0<\/span><\/li>\n<li><span style=\"font-size: 12pt;\">Pe\u0142nienie nadzor\u00f3w autorskich.\u00a0<\/span><\/li>\n<\/ul>\n<p><strong><span style=\"font-size: 12pt;\">Wymagania:<\/span><\/strong><\/p>\n<ul>\n<li><span style=\"font-size: 12pt;\">Min. 5-letnie do\u015bwiadczenie w zakresie projektowania torowego;<\/span><\/li>\n<li><span style=\"font-size: 12pt;\">Wykszta\u0142cenie wy\u017csze techniczne na kierunku budownictwo lub pokrewnym;<\/span><\/li>\n<li><span style=\"font-size: 12pt;\">Znajomo\u015b\u0107 przepis\u00f3w prawa w zakresie wykonywanych zada\u0144;<\/span><\/li>\n<li><span style=\"font-size: 12pt;\">Znajomo\u015b\u0107 j. angielskiego na poziomie min. B2;<\/span><\/li>\n<li><span style=\"font-size: 12pt;\">Znajomo\u015b\u0107 oprogramowania bran\u017cowego OpenRail \/ Power Rail Track lub AutoCAD Civil 3D;<\/span><\/li>\n<li><span style=\"font-size: 12pt;\">Dobra organizacja pracy, zaanga\u017cowanie, komunikatywno\u015b\u0107, proaktywno\u015b\u0107;<\/span><\/li>\n<li><span style=\"font-size: 12pt;\">Gotowo\u015b\u0107 do podr\u00f3\u017cy s\u0142u\u017cbowych w zwi\u0105zku z realizacj\u0105 r\u00f3wnie\u017c projekt\u00f3w mi\u0119dzynarodowych;<\/span><\/li>\n<li><span style=\"font-size: 12pt;\">Wysoko rozwini\u0119te umiej\u0119tno\u015bci interpersonalne oraz umiej\u0119tno\u015b\u0107 pracy w zespole.<\/span><\/li>\n<\/ul>\n<p><strong><span style=\"font-size: 12pt;\">Mile widziane:<\/span><\/strong><\/p>\n<ul>\n<li><span style=\"font-size: 12pt;\">Do\u015bwiadczenie w wykonawstwie rob\u00f3t budowlanych;<\/span><\/li>\n<li><span style=\"font-size: 12pt;\">Uprawnienia budowlane do projektowania w specjalno\u015bci in\u017cynieryjnej kolejowej w zakresie kolejowych obiekt\u00f3w budowlanych bez ogranicze\u0144.<\/span><\/li>\n<\/ul>\n<p><strong><span style=\"font-size: 12pt;\">Oferujemy:<\/span><\/strong><\/p>\n<ul>\n<li><span style=\"font-size: 12pt;\">Stabilne zatrudnienie, w oparciu o umow\u0119 o prac\u0119, w jednej z najwi\u0119kszych firm in\u017cyniersko-projektowych w Polsce i w Europie, wiod\u0105cej na polskim rynku us\u0142ug konsultingowo-projektowych;<\/span><\/li>\n<li><span style=\"font-size: 12pt;\" data-teams=\"true\">Prac\u0119 przy projektach wielobran\u017cowych (polskich i mi\u0119dzynarodowych) z zakresu infrastruktury drogowej i kolejowej;<\/span><\/li>\n<li><span style=\"font-size: 12pt;\">Mo\u017cliwo\u015b\u0107 rozwoju zawodowego i doskonalenia swoich kompetencji;<\/span><\/li>\n<li><span style=\"font-size: 12pt;\">Dost\u0119pne benefity obejmuj\u0105ce: pakiet medyczny Medicover, karta Multisport \/ Medicover Sport, ubezpieczenie grupowe UNIQA, dofinansowanie do wakacji, prezenty \u015bwi\u0105teczne, dofinansowanie do nauki j\u0119zyk\u00f3w, owoce w biurze;<\/span><\/li>\n<li><span style=\"font-size: 12pt;\">Dost\u0119p do bazy nowoczesnego oprogramowania.<\/span><\/li>\n<\/ul>\n","protected":false},"excerpt":{"rendered":"<p>Rail Baltica to ambitny projekt infrastruktury kolejowej, maj\u0105cy na celu integracj\u0119 pa\u0144stw ba\u0142tyckich z europejsk\u0105 sieci\u0105 kolejow\u0105. Projekt przewiduje po\u0142\u0105czenie pi\u0119ciu kraj\u00f3w UE: Polski, Litwy, \u0141otwy, Estonii oraz po\u015brednio Finlandii&#8230;.<\/p>\n","protected":false},"author":9475,"featured_media":0,"template":"","meta":{"_acf_changed":false,"_promoted":"","_company_name":"Sweco Polska","_job_zagraniczne":"0","_company_website":"","_company_video":"","_remote_position":0,"_hide_expiration":"0","_job_salary":"","_job_salary_currency":"","_job_salary_unit":""},"job-categories":[584,37],"job-types":[2],"job_listing_tag":[],"class_list":{"0":"post-7172","1":"job_listing","2":"type-job_listing","3":"status-expired","4":"hentry","5":"job_listing_category-kolej","6":"job_listing_category-budownictwo","7":"job_listing_type-umowa-o-prace","9":"job-type-umowa-o-prace"},"acf":[],"yoast_head":"<!-- This site is optimized with the Yoast SEO Premium plugin v25.5 (Yoast SEO v25.5) - https:\/\/yoast.com\/wordpress\/plugins\/seo\/ -->\n<title>Projektant bran\u017cy torowej - Jobtek<\/title>\n<meta name=\"robots\" content=\"index, follow, max-snippet:-1, max-image-preview:large, max-video-preview:-1\" \/>\n<link rel=\"canonical\" href=\"https:\/\/jobtek.eu\/en\/?post_type=job_listing&p=7172\" \/>\n<meta property=\"og:locale\" content=\"en_US\" \/>\n<meta property=\"og:type\" content=\"article\" \/>\n<meta property=\"og:title\" content=\"Projektant bran\u017cy torowej\" \/>\n<meta property=\"og:description\" content=\"Rail Baltica to ambitny projekt infrastruktury kolejowej, maj\u0105cy na celu integracj\u0119 pa\u0144stw ba\u0142tyckich z europejsk\u0105 sieci\u0105 kolejow\u0105. Projekt przewiduje po\u0142\u0105czenie pi\u0119ciu kraj\u00f3w UE: Polski, Litwy, \u0141otwy, Estonii oraz po\u015brednio Finlandii....\" \/>\n<meta property=\"og:url\" content=\"https:\/\/jobtek.eu\/en\/?post_type=job_listing&amp;p=7172\" \/>\n<meta property=\"og:site_name\" content=\"Jobtek\" \/>\n<meta property=\"article:modified_time\" content=\"2026-01-21T10:29:59+00:00\" \/>\n<meta property=\"og:image\" content=\"https:\/\/jobtek.eu\/wp-content\/uploads\/2023\/05\/1200x630.jpg\" \/>\n\t<meta property=\"og:image:width\" content=\"1200\" \/>\n\t<meta property=\"og:image:height\" content=\"630\" \/>\n\t<meta property=\"og:image:type\" content=\"image\/jpeg\" \/>\n<meta name=\"twitter:card\" content=\"summary_large_image\" \/>\n<meta name=\"twitter:label1\" content=\"Est. reading time\" \/>\n\t<meta name=\"twitter:data1\" content=\"2 minutes\" \/>\n<script type=\"application\/ld+json\" class=\"yoast-schema-graph\">{\"@context\":\"https:\/\/schema.org\",\"@graph\":[{\"@type\":\"WebPage\",\"@id\":\"https:\/\/jobtek.eu\/en\/?post_type=job_listing&p=7172\",\"url\":\"https:\/\/jobtek.eu\/en\/?post_type=job_listing&p=7172\",\"name\":\"Projektant bran\u017cy torowej - Jobtek\",\"isPartOf\":{\"@id\":\"https:\/\/jobtek.eu\/en\/#website\"},\"datePublished\":\"2025-09-05T09:38:35+00:00\",\"dateModified\":\"2026-01-21T10:29:59+00:00\",\"breadcrumb\":{\"@id\":\"https:\/\/jobtek.eu\/en\/?post_type=job_listing&p=7172#breadcrumb\"},\"inLanguage\":\"en-US\",\"potentialAction\":[{\"@type\":\"ReadAction\",\"target\":[\"https:\/\/jobtek.eu\/en\/?post_type=job_listing&p=7172\"]}]},{\"@type\":\"BreadcrumbList\",\"@id\":\"https:\/\/jobtek.eu\/en\/?post_type=job_listing&p=7172#breadcrumb\",\"itemListElement\":[{\"@type\":\"ListItem\",\"position\":1,\"name\":\"Strona g\u0142\u00f3wna\",\"item\":\"https:\/\/jobtek.eu\/en\/\"},{\"@type\":\"ListItem\",\"position\":2,\"name\":\"Jobs\",\"item\":\"https:\/\/jobtek.eu\/en\/job-listings\/\"},{\"@type\":\"ListItem\",\"position\":3,\"name\":\"Projektant bran\u017cy torowej\"}]},{\"@type\":\"WebSite\",\"@id\":\"https:\/\/jobtek.eu\/en\/#website\",\"url\":\"https:\/\/jobtek.eu\/en\/\",\"name\":\"Jobtek\",\"description\":\"\",\"publisher\":{\"@id\":\"https:\/\/jobtek.eu\/en\/#organization\"},\"potentialAction\":[{\"@type\":\"SearchAction\",\"target\":{\"@type\":\"EntryPoint\",\"urlTemplate\":\"https:\/\/jobtek.eu\/en\/?s={search_term_string}\"},\"query-input\":{\"@type\":\"PropertyValueSpecification\",\"valueRequired\":true,\"valueName\":\"search_term_string\"}}],\"inLanguage\":\"en-US\"},{\"@type\":\"Organization\",\"@id\":\"https:\/\/jobtek.eu\/en\/#organization\",\"name\":\"Jobtek\",\"url\":\"https:\/\/jobtek.eu\/en\/\",\"logo\":{\"@type\":\"ImageObject\",\"inLanguage\":\"en-US\",\"@id\":\"https:\/\/jobtek.eu\/en\/#\/schema\/logo\/image\/\",\"url\":\"https:\/\/jobtek.eu\/wp-content\/uploads\/2023\/06\/jobtek-fav.jpg\",\"contentUrl\":\"https:\/\/jobtek.eu\/wp-content\/uploads\/2023\/06\/jobtek-fav.jpg\",\"width\":512,\"height\":512,\"caption\":\"Jobtek\"},\"image\":{\"@id\":\"https:\/\/jobtek.eu\/en\/#\/schema\/logo\/image\/\"},\"sameAs\":[\"https:\/\/www.linkedin.com\/company\/jobtekpl\/\"]}]}<\/script>\n<!-- \/ Yoast SEO Premium plugin. -->","yoast_head_json":{"title":"Projektant bran\u017cy torowej - Jobtek","robots":{"index":"index","follow":"follow","max-snippet":"max-snippet:-1","max-image-preview":"max-image-preview:large","max-video-preview":"max-video-preview:-1"},"canonical":"https:\/\/jobtek.eu\/en\/?post_type=job_listing&p=7172","og_locale":"en_US","og_type":"article","og_title":"Projektant bran\u017cy torowej","og_description":"Rail Baltica to ambitny projekt infrastruktury kolejowej, maj\u0105cy na celu integracj\u0119 pa\u0144stw ba\u0142tyckich z europejsk\u0105 sieci\u0105 kolejow\u0105. Projekt przewiduje po\u0142\u0105czenie pi\u0119ciu kraj\u00f3w UE: Polski, Litwy, \u0141otwy, Estonii oraz po\u015brednio Finlandii....","og_url":"https:\/\/jobtek.eu\/en\/?post_type=job_listing&p=7172","og_site_name":"Jobtek","article_modified_time":"2026-01-21T10:29:59+00:00","og_image":[{"width":1200,"height":630,"url":"https:\/\/jobtek.eu\/wp-content\/uploads\/2023\/05\/1200x630.jpg","type":"image\/jpeg"}],"twitter_card":"summary_large_image","twitter_misc":{"Est. reading time":"2 minutes"},"schema":{"@context":"https:\/\/schema.org","@graph":[{"@type":"WebPage","@id":"https:\/\/jobtek.eu\/en\/?post_type=job_listing&p=7172","url":"https:\/\/jobtek.eu\/en\/?post_type=job_listing&p=7172","name":"Projektant bran\u017cy torowej - Jobtek","isPartOf":{"@id":"https:\/\/jobtek.eu\/en\/#website"},"datePublished":"2025-09-05T09:38:35+00:00","dateModified":"2026-01-21T10:29:59+00:00","breadcrumb":{"@id":"https:\/\/jobtek.eu\/en\/?post_type=job_listing&p=7172#breadcrumb"},"inLanguage":"en-US","potentialAction":[{"@type":"ReadAction","target":["https:\/\/jobtek.eu\/en\/?post_type=job_listing&p=7172"]}]},{"@type":"BreadcrumbList","@id":"https:\/\/jobtek.eu\/en\/?post_type=job_listing&p=7172#breadcrumb","itemListElement":[{"@type":"ListItem","position":1,"name":"Strona g\u0142\u00f3wna","item":"https:\/\/jobtek.eu\/en\/"},{"@type":"ListItem","position":2,"name":"Jobs","item":"https:\/\/jobtek.eu\/en\/job-listings\/"},{"@type":"ListItem","position":3,"name":"Projektant bran\u017cy torowej"}]},{"@type":"WebSite","@id":"https:\/\/jobtek.eu\/en\/#website","url":"https:\/\/jobtek.eu\/en\/","name":"Jobtek","description":"","publisher":{"@id":"https:\/\/jobtek.eu\/en\/#organization"},"potentialAction":[{"@type":"SearchAction","target":{"@type":"EntryPoint","urlTemplate":"https:\/\/jobtek.eu\/en\/?s={search_term_string}"},"query-input":{"@type":"PropertyValueSpecification","valueRequired":true,"valueName":"search_term_string"}}],"inLanguage":"en-US"},{"@type":"Organization","@id":"https:\/\/jobtek.eu\/en\/#organization","name":"Jobtek","url":"https:\/\/jobtek.eu\/en\/","logo":{"@type":"ImageObject","inLanguage":"en-US","@id":"https:\/\/jobtek.eu\/en\/#\/schema\/logo\/image\/","url":"https:\/\/jobtek.eu\/wp-content\/uploads\/2023\/06\/jobtek-fav.jpg","contentUrl":"https:\/\/jobtek.eu\/wp-content\/uploads\/2023\/06\/jobtek-fav.jpg","width":512,"height":512,"caption":"Jobtek"},"image":{"@id":"https:\/\/jobtek.eu\/en\/#\/schema\/logo\/image\/"},"sameAs":["https:\/\/www.linkedin.com\/company\/jobtekpl\/"]}]}},"_links":{"self":[{"href":"https:\/\/jobtek.eu\/en\/wp-json\/wp\/v2\/job-listings\/7172","targetHints":{"allow":["GET"]}}],"collection":[{"href":"https:\/\/jobtek.eu\/en\/wp-json\/wp\/v2\/job-listings"}],"about":[{"href":"https:\/\/jobtek.eu\/en\/wp-json\/wp\/v2\/types\/job_listing"}],"author":[{"embeddable":true,"href":"https:\/\/jobtek.eu\/en\/wp-json\/wp\/v2\/users\/9475"}],"wp:attachment":[{"href":"https:\/\/jobtek.eu\/en\/wp-json\/wp\/v2\/media?parent=7172"}],"wp:term":[{"taxonomy":"job_listing_category","embeddable":true,"href":"https:\/\/jobtek.eu\/en\/wp-json\/wp\/v2\/job-categories?post=7172"},{"taxonomy":"job_listing_type","embeddable":true,"href":"https:\/\/jobtek.eu\/en\/wp-json\/wp\/v2\/job-types?post=7172"},{"taxonomy":"job_listing_tag","embeddable":true,"href":"https:\/\/jobtek.eu\/en\/wp-json\/wp\/v2\/job_listing_tag?post=7172"}],"curies":[{"name":"wp","href":"https:\/\/api.w.org\/{rel}","templated":true}]}}