{"id":7787,"date":"2025-10-27T00:31:16","date_gmt":"2025-10-06T07:15:40","guid":{"rendered":"https:\/\/jobtek.eu\/?post_type=job_listing&#038;p=7787"},"modified":"2025-11-06T00:00:14","modified_gmt":"2025-11-05T23:00:14","slug":"globetek-specjalista-ds-projektow-technologicznych-warszawa-polska","status":"expired","type":"job_listing","link":"https:\/\/jobtek.eu\/en\/?post_type=job_listing&p=7787","title":{"rendered":"Specjalista ds. Projekt\u00f3w Technologicznych"},"content":{"rendered":"<p><img loading=\"lazy\" decoding=\"async\" class=\"aligncenter size-full wp-image-3598\" src=\"https:\/\/jobtek.eu\/wp-content\/uploads\/2024\/10\/Kopia-\u2013-Kopia-\u2013-Projekt-bez-nazwy-3.png\" alt=\"\" width=\"1920\" height=\"640\" srcset=\"https:\/\/jobtek.eu\/wp-content\/uploads\/2024\/10\/Kopia-\u2013-Kopia-\u2013-Projekt-bez-nazwy-3.png 1920w, https:\/\/jobtek.eu\/wp-content\/uploads\/2024\/10\/Kopia-\u2013-Kopia-\u2013-Projekt-bez-nazwy-3-300x100.png 300w, https:\/\/jobtek.eu\/wp-content\/uploads\/2024\/10\/Kopia-\u2013-Kopia-\u2013-Projekt-bez-nazwy-3-1024x341.png 1024w, https:\/\/jobtek.eu\/wp-content\/uploads\/2024\/10\/Kopia-\u2013-Kopia-\u2013-Projekt-bez-nazwy-3-768x256.png 768w, https:\/\/jobtek.eu\/wp-content\/uploads\/2024\/10\/Kopia-\u2013-Kopia-\u2013-Projekt-bez-nazwy-3-1536x512.png 1536w, https:\/\/jobtek.eu\/wp-content\/uploads\/2024\/10\/Kopia-\u2013-Kopia-\u2013-Projekt-bez-nazwy-3-600x200.png 600w, https:\/\/jobtek.eu\/wp-content\/uploads\/2024\/10\/Kopia-\u2013-Kopia-\u2013-Projekt-bez-nazwy-3-1200x400.png 1200w\" sizes=\"auto, (max-width: 1920px) 100vw, 1920px\" \/><\/p>\n<p style=\"text-align: center\"><strong>Do\u0142\u0105cz do zespo\u0142u realizuj\u0105cego projekty w obszarze ciep\u0142owni, elektrociep\u0142owni, elektrowni oraz spalarni odpad\u00f3w.<\/strong><\/p>\n<p>Szukamy in\u017cyniera, kt\u00f3ra potrafi \u0142\u0105czy\u0107 analityczne my\u015blenie z praktycznym podej\u015bciem i chce rozwija\u0107 si\u0119 w bran\u017cy energetycznej w obszarze ofertowania, projektowania i realizacji inwestycji.<\/p>\n<p>&nbsp;<\/p>\n<p><strong>Na co dzie\u0144 b\u0119dziesz:<\/strong><\/p>\n<ul>\n<li>wsp\u00f3\u0142pracowa\u0107 z dzia\u0142em handlowym przy tworzeniu ofert dla ciep\u0142owni, elektrociep\u0142owni, elektrowni i spalarni,<\/li>\n<li>analizowa\u0107 dokumentacj\u0119 przetargow\u0105 i projektow\u0105, proponuj\u0105c optymalne rozwi\u0105zania techniczne,<\/li>\n<li>opracowywa\u0107 zakresy prac, kosztorysy i wst\u0119pne harmonogramy,<\/li>\n<li>wsp\u00f3\u0142pracowa\u0107 z biurem projektowym, dbaj\u0105c o sp\u00f3jno\u015b\u0107 i zgodno\u015b\u0107 dokumentacji z wymaganiami,<\/li>\n<li>wspiera\u0107 proces uzyskiwania niezb\u0119dnych uzgodnie\u0144 i pozwole\u0144,<\/li>\n<li>nadzorowa\u0107 prace podwykonawc\u00f3w,<\/li>\n<li>uczestniczy\u0107 w rozruchach instalacji technologicznych,<\/li>\n<li>kontrolowa\u0107 dostawy w zakresie zgodno\u015bci z dokumentacj\u0105 techniczn\u0105,<\/li>\n<li>monitorowa\u0107 jako\u015b\u0107, bud\u017cet i harmonogram prowadzonych projekt\u00f3w.<\/li>\n<\/ul>\n<p>&nbsp;<\/p>\n<p><strong>Czego szukamy:<\/strong><\/p>\n<ul>\n<li>do\u015bwiadczenie w pracy z instalacjami energetycznymi (ciep\u0142ownie, elektrociep\u0142ownie, elektrownie),<\/li>\n<li>znajomo\u015b\u0107 obieg\u00f3w termodynamicznych i podstawowych parametr\u00f3w procesowych,<\/li>\n<li>dobra znajomo\u015b\u0107 uk\u0142ad\u00f3w przep\u0142ywowych, pomp i armatury,<\/li>\n<li>umiej\u0119tno\u015b\u0107 opracowywania bilans\u00f3w masowych i energetycznych,<\/li>\n<li>do\u015bwiadczenie w przygotowywaniu schemat\u00f3w procesowych (PFD, P&amp;ID),<\/li>\n<li>podstawowa znajomo\u015b\u0107 metrologii technicznej w bran\u017cy energetycznej,<\/li>\n<li>zdolno\u015b\u0107 analizy uk\u0142ad\u00f3w technologicznych poprzez por\u00f3wnanie wynik\u00f3w pomiarowych z obliczeniami teoretycznymi,<\/li>\n<li>znajomo\u015b\u0107 norm i przepis\u00f3w obowi\u0105zuj\u0105cych w sektorze energetycznym,<\/li>\n<li>dobra znajomo\u015b\u0107 j\u0119zyka angielskiego (min. B2) &#8211; konieczna<\/li>\n<li>gotowo\u015b\u0107 do podr\u00f3\u017cy s\u0142u\u017cbowych oraz pracy w delegacji (prawo jazdy kat.B)<\/li>\n<\/ul>\n<p>&nbsp;<\/p>\n<p>Je\u015bli znasz normy bran\u017cowe <strong>(np. Dyrektyw\u0119 2014\/68\/UE czy PN-EN 13480)<\/strong> &#8211; \u015bwietnie! Je\u015bli dopiero chcesz je pozna\u0107 &#8211; nauczymy Ci\u0119 wszystkiego, co potrzebne.<\/p>\n<h3><\/h3>\n<p>Nie musisz spe\u0142nia\u0107 dok\u0142adnie wszystkich wymaga\u0144, ale wa\u017cna jest otwarto\u015b\u0107 na nauk\u0119 i ch\u0119\u0107 pracowa\u0107 z zespo\u0142em, kt\u00f3ry ch\u0119tnie dzieli si\u0119 wiedz\u0105. Zapraszamy do wysy\u0142ania CV!<\/p>\n<p>&nbsp;<\/p>\n<p style=\"text-align: center\"><strong>Uprzejmie informujemy, \u017ce skontaktujemy si\u0119 z wybranymi kandydatami<\/strong><\/p>\n<p><img loading=\"lazy\" decoding=\"async\" class=\"aligncenter size-full wp-image-4321\" src=\"https:\/\/jobtek.eu\/wp-content\/uploads\/2023\/11\/Zrzut-ekranu-2025-02-4-o-18.03.47.png\" alt=\"\" width=\"2722\" height=\"1504\" srcset=\"https:\/\/jobtek.eu\/wp-content\/uploads\/2023\/11\/Zrzut-ekranu-2025-02-4-o-18.03.47.png 2722w, https:\/\/jobtek.eu\/wp-content\/uploads\/2023\/11\/Zrzut-ekranu-2025-02-4-o-18.03.47-300x166.png 300w, https:\/\/jobtek.eu\/wp-content\/uploads\/2023\/11\/Zrzut-ekranu-2025-02-4-o-18.03.47-1024x566.png 1024w, https:\/\/jobtek.eu\/wp-content\/uploads\/2023\/11\/Zrzut-ekranu-2025-02-4-o-18.03.47-768x424.png 768w, https:\/\/jobtek.eu\/wp-content\/uploads\/2023\/11\/Zrzut-ekranu-2025-02-4-o-18.03.47-1536x849.png 1536w, https:\/\/jobtek.eu\/wp-content\/uploads\/2023\/11\/Zrzut-ekranu-2025-02-4-o-18.03.47-2048x1132.png 2048w, https:\/\/jobtek.eu\/wp-content\/uploads\/2023\/11\/Zrzut-ekranu-2025-02-4-o-18.03.47-600x332.png 600w, https:\/\/jobtek.eu\/wp-content\/uploads\/2023\/11\/Zrzut-ekranu-2025-02-4-o-18.03.47-1200x663.png 1200w\" sizes=\"auto, (max-width: 2722px) 100vw, 2722px\" \/><\/p>\n<p><img loading=\"lazy\" decoding=\"async\" class=\"aligncenter size-full wp-image-4331\" src=\"https:\/\/jobtek.eu\/wp-content\/uploads\/2023\/11\/Zrzut-ekranu-2025-02-4-o-22.33.11.png\" alt=\"\" width=\"2874\" height=\"854\" srcset=\"https:\/\/jobtek.eu\/wp-content\/uploads\/2023\/11\/Zrzut-ekranu-2025-02-4-o-22.33.11.png 2874w, https:\/\/jobtek.eu\/wp-content\/uploads\/2023\/11\/Zrzut-ekranu-2025-02-4-o-22.33.11-300x89.png 300w, https:\/\/jobtek.eu\/wp-content\/uploads\/2023\/11\/Zrzut-ekranu-2025-02-4-o-22.33.11-1024x304.png 1024w, https:\/\/jobtek.eu\/wp-content\/uploads\/2023\/11\/Zrzut-ekranu-2025-02-4-o-22.33.11-768x228.png 768w, https:\/\/jobtek.eu\/wp-content\/uploads\/2023\/11\/Zrzut-ekranu-2025-02-4-o-22.33.11-1536x456.png 1536w, https:\/\/jobtek.eu\/wp-content\/uploads\/2023\/11\/Zrzut-ekranu-2025-02-4-o-22.33.11-2048x609.png 2048w, https:\/\/jobtek.eu\/wp-content\/uploads\/2023\/11\/Zrzut-ekranu-2025-02-4-o-22.33.11-600x178.png 600w, https:\/\/jobtek.eu\/wp-content\/uploads\/2023\/11\/Zrzut-ekranu-2025-02-4-o-22.33.11-1200x357.png 1200w\" sizes=\"auto, (max-width: 2874px) 100vw, 2874px\" \/><\/p>\n<p>&nbsp;<\/p>\n<p><img loading=\"lazy\" decoding=\"async\" class=\"aligncenter size-full wp-image-4319\" src=\"https:\/\/jobtek.eu\/wp-content\/uploads\/2023\/11\/Zrzut-ekranu-2025-02-4-o-18.00.42.png\" alt=\"\" width=\"2716\" height=\"1450\" srcset=\"https:\/\/jobtek.eu\/wp-content\/uploads\/2023\/11\/Zrzut-ekranu-2025-02-4-o-18.00.42.png 2716w, https:\/\/jobtek.eu\/wp-content\/uploads\/2023\/11\/Zrzut-ekranu-2025-02-4-o-18.00.42-300x160.png 300w, https:\/\/jobtek.eu\/wp-content\/uploads\/2023\/11\/Zrzut-ekranu-2025-02-4-o-18.00.42-1024x547.png 1024w, https:\/\/jobtek.eu\/wp-content\/uploads\/2023\/11\/Zrzut-ekranu-2025-02-4-o-18.00.42-768x410.png 768w, https:\/\/jobtek.eu\/wp-content\/uploads\/2023\/11\/Zrzut-ekranu-2025-02-4-o-18.00.42-1536x820.png 1536w, https:\/\/jobtek.eu\/wp-content\/uploads\/2023\/11\/Zrzut-ekranu-2025-02-4-o-18.00.42-2048x1093.png 2048w, https:\/\/jobtek.eu\/wp-content\/uploads\/2023\/11\/Zrzut-ekranu-2025-02-4-o-18.00.42-600x320.png 600w, https:\/\/jobtek.eu\/wp-content\/uploads\/2023\/11\/Zrzut-ekranu-2025-02-4-o-18.00.42-1200x641.png 1200w\" sizes=\"auto, (max-width: 2716px) 100vw, 2716px\" \/><\/p>\n","protected":false},"excerpt":{"rendered":"<p>Do\u0142\u0105cz do zespo\u0142u realizuj\u0105cego projekty w obszarze ciep\u0142owni, elektrociep\u0142owni, elektrowni oraz spalarni odpad\u00f3w. Szukamy in\u017cyniera, kt\u00f3ra potrafi \u0142\u0105czy\u0107 analityczne my\u015blenie z praktycznym podej\u015bciem i chce rozwija\u0107 si\u0119 w bran\u017cy energetycznej&#8230;<\/p>\n","protected":false},"author":246,"featured_media":0,"template":"","meta":{"_acf_changed":false,"_promoted":"","_company_name":"Globetek Sp. z o.o.","_job_zagraniczne":"0","_company_website":"","_company_video":"","_remote_position":0,"_hide_expiration":"0","_job_salary":"","_job_salary_currency":"","_job_salary_unit":""},"job-categories":[35,145],"job-types":[2],"job_listing_tag":[],"class_list":{"0":"post-7787","1":"job_listing","2":"type-job_listing","3":"status-expired","4":"hentry","5":"job_listing_category-energetyka","6":"job_listing_category-inne","7":"job_listing_type-umowa-o-prace","8":"work-model-praca-hybrydowa","9":"job-level-specjalista","11":"job-type-umowa-o-prace"},"acf":[],"yoast_head":"<!-- This site is optimized with the Yoast SEO Premium plugin v25.5 (Yoast SEO v25.5) - https:\/\/yoast.com\/wordpress\/plugins\/seo\/ -->\n<title>Specjalista ds. Projekt\u00f3w Technologicznych - Jobtek<\/title>\n<meta name=\"robots\" content=\"index, follow, max-snippet:-1, max-image-preview:large, max-video-preview:-1\" \/>\n<link rel=\"canonical\" href=\"https:\/\/jobtek.eu\/en\/?post_type=job_listing&p=7787\" \/>\n<meta property=\"og:locale\" content=\"en_US\" \/>\n<meta property=\"og:type\" content=\"article\" \/>\n<meta property=\"og:title\" content=\"Specjalista ds. Projekt\u00f3w Technologicznych\" \/>\n<meta property=\"og:description\" content=\"Do\u0142\u0105cz do zespo\u0142u realizuj\u0105cego projekty w obszarze ciep\u0142owni, elektrociep\u0142owni, elektrowni oraz spalarni odpad\u00f3w. Szukamy in\u017cyniera, kt\u00f3ra potrafi \u0142\u0105czy\u0107 analityczne my\u015blenie z praktycznym podej\u015bciem i chce rozwija\u0107 si\u0119 w bran\u017cy energetycznej...\" \/>\n<meta property=\"og:url\" content=\"https:\/\/jobtek.eu\/en\/?post_type=job_listing&amp;p=7787\" \/>\n<meta property=\"og:site_name\" content=\"Jobtek\" \/>\n<meta property=\"article:modified_time\" content=\"2025-11-05T23:00:14+00:00\" \/>\n<meta property=\"og:image\" content=\"https:\/\/jobtek.eu\/wp-content\/uploads\/2023\/11\/Zrzut-ekranu-2025-02-4-o-18.03.47.png\" \/>\n<meta name=\"twitter:card\" content=\"summary_large_image\" \/>\n<meta name=\"twitter:label1\" content=\"Est. reading time\" \/>\n\t<meta name=\"twitter:data1\" content=\"3 minutes\" \/>\n<script type=\"application\/ld+json\" class=\"yoast-schema-graph\">{\"@context\":\"https:\/\/schema.org\",\"@graph\":[{\"@type\":\"WebPage\",\"@id\":\"https:\/\/jobtek.eu\/en\/?post_type=job_listing&p=7787\",\"url\":\"https:\/\/jobtek.eu\/en\/?post_type=job_listing&p=7787\",\"name\":\"Specjalista ds. Projekt\u00f3w Technologicznych - Jobtek\",\"isPartOf\":{\"@id\":\"https:\/\/jobtek.eu\/en\/#website\"},\"primaryImageOfPage\":{\"@id\":\"https:\/\/jobtek.eu\/en\/?post_type=job_listing&p=7787#primaryimage\"},\"image\":{\"@id\":\"https:\/\/jobtek.eu\/en\/?post_type=job_listing&p=7787#primaryimage\"},\"thumbnailUrl\":\"https:\/\/jobtek.eu\/wp-content\/uploads\/2023\/11\/Zrzut-ekranu-2025-02-4-o-18.03.47.png\",\"datePublished\":\"2025-10-06T07:15:40+00:00\",\"dateModified\":\"2025-11-05T23:00:14+00:00\",\"breadcrumb\":{\"@id\":\"https:\/\/jobtek.eu\/en\/?post_type=job_listing&p=7787#breadcrumb\"},\"inLanguage\":\"en-US\",\"potentialAction\":[{\"@type\":\"ReadAction\",\"target\":[\"https:\/\/jobtek.eu\/en\/?post_type=job_listing&p=7787\"]}]},{\"@type\":\"ImageObject\",\"inLanguage\":\"en-US\",\"@id\":\"https:\/\/jobtek.eu\/en\/?post_type=job_listing&p=7787#primaryimage\",\"url\":\"https:\/\/jobtek.eu\/wp-content\/uploads\/2023\/11\/Zrzut-ekranu-2025-02-4-o-18.03.47.png\",\"contentUrl\":\"https:\/\/jobtek.eu\/wp-content\/uploads\/2023\/11\/Zrzut-ekranu-2025-02-4-o-18.03.47.png\"},{\"@type\":\"BreadcrumbList\",\"@id\":\"https:\/\/jobtek.eu\/en\/?post_type=job_listing&p=7787#breadcrumb\",\"itemListElement\":[{\"@type\":\"ListItem\",\"position\":1,\"name\":\"Strona g\u0142\u00f3wna\",\"item\":\"https:\/\/jobtek.eu\/en\/\"},{\"@type\":\"ListItem\",\"position\":2,\"name\":\"Jobs\",\"item\":\"https:\/\/jobtek.eu\/en\/job-listings\/\"},{\"@type\":\"ListItem\",\"position\":3,\"name\":\"Specjalista ds. Projekt\u00f3w Technologicznych\"}]},{\"@type\":\"WebSite\",\"@id\":\"https:\/\/jobtek.eu\/en\/#website\",\"url\":\"https:\/\/jobtek.eu\/en\/\",\"name\":\"Jobtek\",\"description\":\"\",\"publisher\":{\"@id\":\"https:\/\/jobtek.eu\/en\/#organization\"},\"potentialAction\":[{\"@type\":\"SearchAction\",\"target\":{\"@type\":\"EntryPoint\",\"urlTemplate\":\"https:\/\/jobtek.eu\/en\/?s={search_term_string}\"},\"query-input\":{\"@type\":\"PropertyValueSpecification\",\"valueRequired\":true,\"valueName\":\"search_term_string\"}}],\"inLanguage\":\"en-US\"},{\"@type\":\"Organization\",\"@id\":\"https:\/\/jobtek.eu\/en\/#organization\",\"name\":\"Jobtek\",\"url\":\"https:\/\/jobtek.eu\/en\/\",\"logo\":{\"@type\":\"ImageObject\",\"inLanguage\":\"en-US\",\"@id\":\"https:\/\/jobtek.eu\/en\/#\/schema\/logo\/image\/\",\"url\":\"https:\/\/jobtek.eu\/wp-content\/uploads\/2023\/06\/jobtek-fav.jpg\",\"contentUrl\":\"https:\/\/jobtek.eu\/wp-content\/uploads\/2023\/06\/jobtek-fav.jpg\",\"width\":512,\"height\":512,\"caption\":\"Jobtek\"},\"image\":{\"@id\":\"https:\/\/jobtek.eu\/en\/#\/schema\/logo\/image\/\"},\"sameAs\":[\"https:\/\/www.linkedin.com\/company\/jobtekpl\/\"]}]}<\/script>\n<!-- \/ Yoast SEO Premium plugin. -->","yoast_head_json":{"title":"Specjalista ds. Projekt\u00f3w Technologicznych - Jobtek","robots":{"index":"index","follow":"follow","max-snippet":"max-snippet:-1","max-image-preview":"max-image-preview:large","max-video-preview":"max-video-preview:-1"},"canonical":"https:\/\/jobtek.eu\/en\/?post_type=job_listing&p=7787","og_locale":"en_US","og_type":"article","og_title":"Specjalista ds. Projekt\u00f3w Technologicznych","og_description":"Do\u0142\u0105cz do zespo\u0142u realizuj\u0105cego projekty w obszarze ciep\u0142owni, elektrociep\u0142owni, elektrowni oraz spalarni odpad\u00f3w. Szukamy in\u017cyniera, kt\u00f3ra potrafi \u0142\u0105czy\u0107 analityczne my\u015blenie z praktycznym podej\u015bciem i chce rozwija\u0107 si\u0119 w bran\u017cy energetycznej...","og_url":"https:\/\/jobtek.eu\/en\/?post_type=job_listing&p=7787","og_site_name":"Jobtek","article_modified_time":"2025-11-05T23:00:14+00:00","og_image":[{"url":"https:\/\/jobtek.eu\/wp-content\/uploads\/2023\/11\/Zrzut-ekranu-2025-02-4-o-18.03.47.png","type":"","width":"","height":""}],"twitter_card":"summary_large_image","twitter_misc":{"Est. reading time":"3 minutes"},"schema":{"@context":"https:\/\/schema.org","@graph":[{"@type":"WebPage","@id":"https:\/\/jobtek.eu\/en\/?post_type=job_listing&p=7787","url":"https:\/\/jobtek.eu\/en\/?post_type=job_listing&p=7787","name":"Specjalista ds. Projekt\u00f3w Technologicznych - Jobtek","isPartOf":{"@id":"https:\/\/jobtek.eu\/en\/#website"},"primaryImageOfPage":{"@id":"https:\/\/jobtek.eu\/en\/?post_type=job_listing&p=7787#primaryimage"},"image":{"@id":"https:\/\/jobtek.eu\/en\/?post_type=job_listing&p=7787#primaryimage"},"thumbnailUrl":"https:\/\/jobtek.eu\/wp-content\/uploads\/2023\/11\/Zrzut-ekranu-2025-02-4-o-18.03.47.png","datePublished":"2025-10-06T07:15:40+00:00","dateModified":"2025-11-05T23:00:14+00:00","breadcrumb":{"@id":"https:\/\/jobtek.eu\/en\/?post_type=job_listing&p=7787#breadcrumb"},"inLanguage":"en-US","potentialAction":[{"@type":"ReadAction","target":["https:\/\/jobtek.eu\/en\/?post_type=job_listing&p=7787"]}]},{"@type":"ImageObject","inLanguage":"en-US","@id":"https:\/\/jobtek.eu\/en\/?post_type=job_listing&p=7787#primaryimage","url":"https:\/\/jobtek.eu\/wp-content\/uploads\/2023\/11\/Zrzut-ekranu-2025-02-4-o-18.03.47.png","contentUrl":"https:\/\/jobtek.eu\/wp-content\/uploads\/2023\/11\/Zrzut-ekranu-2025-02-4-o-18.03.47.png"},{"@type":"BreadcrumbList","@id":"https:\/\/jobtek.eu\/en\/?post_type=job_listing&p=7787#breadcrumb","itemListElement":[{"@type":"ListItem","position":1,"name":"Strona g\u0142\u00f3wna","item":"https:\/\/jobtek.eu\/en\/"},{"@type":"ListItem","position":2,"name":"Jobs","item":"https:\/\/jobtek.eu\/en\/job-listings\/"},{"@type":"ListItem","position":3,"name":"Specjalista ds. Projekt\u00f3w Technologicznych"}]},{"@type":"WebSite","@id":"https:\/\/jobtek.eu\/en\/#website","url":"https:\/\/jobtek.eu\/en\/","name":"Jobtek","description":"","publisher":{"@id":"https:\/\/jobtek.eu\/en\/#organization"},"potentialAction":[{"@type":"SearchAction","target":{"@type":"EntryPoint","urlTemplate":"https:\/\/jobtek.eu\/en\/?s={search_term_string}"},"query-input":{"@type":"PropertyValueSpecification","valueRequired":true,"valueName":"search_term_string"}}],"inLanguage":"en-US"},{"@type":"Organization","@id":"https:\/\/jobtek.eu\/en\/#organization","name":"Jobtek","url":"https:\/\/jobtek.eu\/en\/","logo":{"@type":"ImageObject","inLanguage":"en-US","@id":"https:\/\/jobtek.eu\/en\/#\/schema\/logo\/image\/","url":"https:\/\/jobtek.eu\/wp-content\/uploads\/2023\/06\/jobtek-fav.jpg","contentUrl":"https:\/\/jobtek.eu\/wp-content\/uploads\/2023\/06\/jobtek-fav.jpg","width":512,"height":512,"caption":"Jobtek"},"image":{"@id":"https:\/\/jobtek.eu\/en\/#\/schema\/logo\/image\/"},"sameAs":["https:\/\/www.linkedin.com\/company\/jobtekpl\/"]}]}},"_links":{"self":[{"href":"https:\/\/jobtek.eu\/en\/wp-json\/wp\/v2\/job-listings\/7787","targetHints":{"allow":["GET"]}}],"collection":[{"href":"https:\/\/jobtek.eu\/en\/wp-json\/wp\/v2\/job-listings"}],"about":[{"href":"https:\/\/jobtek.eu\/en\/wp-json\/wp\/v2\/types\/job_listing"}],"author":[{"embeddable":true,"href":"https:\/\/jobtek.eu\/en\/wp-json\/wp\/v2\/users\/246"}],"wp:attachment":[{"href":"https:\/\/jobtek.eu\/en\/wp-json\/wp\/v2\/media?parent=7787"}],"wp:term":[{"taxonomy":"job_listing_category","embeddable":true,"href":"https:\/\/jobtek.eu\/en\/wp-json\/wp\/v2\/job-categories?post=7787"},{"taxonomy":"job_listing_type","embeddable":true,"href":"https:\/\/jobtek.eu\/en\/wp-json\/wp\/v2\/job-types?post=7787"},{"taxonomy":"job_listing_tag","embeddable":true,"href":"https:\/\/jobtek.eu\/en\/wp-json\/wp\/v2\/job_listing_tag?post=7787"}],"curies":[{"name":"wp","href":"https:\/\/api.w.org\/{rel}","templated":true}]}}